{"id":129,"date":"2020-02-14T10:59:11","date_gmt":"2020-02-14T10:59:11","guid":{"rendered":"https:\/\/demosites.io\/fitness-gb\/?page_id=129"},"modified":"2026-04-20T21:13:51","modified_gmt":"2026-04-20T19:13:51","slug":"futbol-bez-barier-2","status":"publish","type":"page","link":"https:\/\/futbolbezbarier.pl\/","title":{"rendered":"FUTBOL BEZ BARIER"},"content":{"rendered":"\n<h3 class=\"wp-block-heading has-text-align-center\">SEZON 2026 TO JESZCZE WI\u0118CEJ PI\u0141KARSKICH EMOCJI! <\/h3>\n\n\n\n<div class=\"wp-block-columns is-layout-flex wp-container-core-columns-is-layout-9d6595d7 wp-block-columns-is-layout-flex\">\n<div class=\"wp-block-column is-layout-flow wp-block-column-is-layout-flow\">\n<div class=\"wp-block-columns is-layout-flex wp-container-core-columns-is-layout-9d6595d7 wp-block-columns-is-layout-flex\">\n<div class=\"wp-block-column is-layout-flow wp-block-column-is-layout-flow\">\n<p class=\"has-text-align-center\"><a href=\"https:\/\/futbolbezbarier.pl\/index.php\/polnoc\/\"><strong>EKSTRAKLASA P\u00d3\u0141NOC<\/strong><\/a><\/p>\n<\/div>\n\n\n\n<div class=\"wp-block-column is-layout-flow wp-block-column-is-layout-flow\">\n<p class=\"has-text-align-center\"><a href=\"https:\/\/futbolbezbarier.pl\/index.php\/1-liga-polnoc\/\"><strong>1 LIGA P\u00d3\u0141NOC<\/strong><\/a><\/p>\n<\/div>\n<\/div>\n<\/div>\n\n\n\n<div class=\"wp-block-column is-layout-flow wp-block-column-is-layout-flow\">\n<div class=\"wp-block-columns is-layout-flex wp-container-core-columns-is-layout-9d6595d7 wp-block-columns-is-layout-flex\">\n<div class=\"wp-block-column is-layout-flow wp-block-column-is-layout-flow\">\n<p class=\"has-text-align-center\"><a href=\"https:\/\/futbolbezbarier.pl\/index.php\/ekstraklasa-poludnie\/\"><strong>EKSTRAKLASA PO\u0141UDNIE<\/strong><\/a><\/p>\n<\/div>\n\n\n\n<div class=\"wp-block-column is-layout-flow wp-block-column-is-layout-flow\">\n<p class=\"has-text-align-center\"><a href=\"https:\/\/futbolbezbarier.pl\/index.php\/1-liga-poludnie\/\"><strong>1 LIGA PO\u0141UDNIE<\/strong><\/a><\/p>\n<\/div>\n<\/div>\n<\/div>\n<\/div>\n\n\n\n<div id=\"wp-block-themeisle-blocks-advanced-columns-e1ca32e1\" class=\"wp-block-themeisle-blocks-advanced-columns alignfull has-1-columns has-desktop-equal-layout has-tablet-equal-layout has-mobile-equal-layout has-vertical-unset\"><div class=\"wp-block-themeisle-blocks-advanced-columns-overlay\"><\/div><div class=\"innerblocks-wrap\">\n<div id=\"wp-block-themeisle-blocks-advanced-column-65b5ef21\" class=\"wp-block-themeisle-blocks-advanced-column\">\n<div class=\"wp-block-columns is-layout-flex wp-container-core-columns-is-layout-9d6595d7 wp-block-columns-is-layout-flex\">\n<div class=\"wp-block-column is-layout-flow wp-block-column-is-layout-flow\"><div class=\"wp-block-image\">\n<figure class=\"aligncenter size-large is-resized\"><img fetchpriority=\"high\" decoding=\"async\" width=\"1024\" height=\"347\" src=\"https:\/\/futbolbezbarier.pl\/wp-content\/uploads\/2025\/01\/FUTBOL-BEZ-BARIER-2-1024x347.png\" alt=\"\" class=\"wp-image-939\" style=\"width:500px\" srcset=\"https:\/\/futbolbezbarier.pl\/wp-content\/uploads\/2025\/01\/FUTBOL-BEZ-BARIER-2-1024x347.png 1024w, https:\/\/futbolbezbarier.pl\/wp-content\/uploads\/2025\/01\/FUTBOL-BEZ-BARIER-2-300x102.png 300w, https:\/\/futbolbezbarier.pl\/wp-content\/uploads\/2025\/01\/FUTBOL-BEZ-BARIER-2-768x261.png 768w, https:\/\/futbolbezbarier.pl\/wp-content\/uploads\/2025\/01\/FUTBOL-BEZ-BARIER-2-1536x521.png 1536w, https:\/\/futbolbezbarier.pl\/wp-content\/uploads\/2025\/01\/FUTBOL-BEZ-BARIER-2.png 1810w\" sizes=\"(max-width: 1024px) 100vw, 1024px\" \/><\/figure>\n<\/div><\/div>\n<\/div>\n\n\n\n<h1 class=\"wp-block-heading has-text-align-center has-white-color has-text-color has-medium-font-size\">Rozgrywki pi\u0142karskie dla os\u00f3b z niepe\u0142nosprawno\u015bciami <\/h1>\n\n\n\n<div class=\"wp-block-buttons alignfull is-horizontal is-content-justification-center is-layout-flex wp-container-core-buttons-is-layout-499968f5 wp-block-buttons-is-layout-flex\">\n<div class=\"wp-block-button is-style-secondary\"><a class=\"wp-block-button__link has-nv-site-bg-color has-text-color has-link-color wp-element-button\" href=\"https:\/\/futbolbezbarier.pl\/index.php\/kluby-bez-barier\/\">Wi\u0119cej o nas<\/a><\/div>\n<\/div>\n\n\n\n<hr class=\"wp-block-separator has-text-color has-nv-site-bg-color has-alpha-channel-opacity has-nv-site-bg-background-color has-background is-style-wide\"\/>\n\n\n\n<h4 class=\"wp-block-heading has-text-align-center has-nv-site-bg-color has-text-color has-link-color wp-elements-7a6d8d12c05901b779a52c1b43c7583e\">OFICJALNY HYMN ROZGRYWEK<\/h4>\n\n\n\n<figure class=\"wp-block-audio aligncenter animated backInDown\"><audio controls src=\"https:\/\/futbolbezbarier.pl\/wp-content\/uploads\/2025\/01\/DiscoPogo-Bez-barier-MIX-101.mp3\"><\/audio><\/figure>\n<\/div>\n<\/div><\/div>\n\n\n\n<hr class=\"wp-block-separator has-alpha-channel-opacity\"\/>\n\n\n\n<div class=\"wp-block-columns is-layout-flex wp-container-core-columns-is-layout-9d6595d7 wp-block-columns-is-layout-flex\">\n<div class=\"wp-block-column has-nv-light-bg-background-color has-background is-layout-flow wp-block-column-is-layout-flow\" style=\"border-style:none;border-width:0px;padding-top:0;padding-right:0;padding-bottom:0;padding-left:0;flex-basis:100%\">\n<section id=\"wp-block-themeisle-blocks-advanced-columns-e4373a2b\" class=\"wp-block-themeisle-blocks-advanced-columns alignfull has-1-columns has-desktop-equal-layout has-tablet-equal-layout has-mobile-equal-layout has-vertical-flex-start has-light-bg\"><div class=\"wp-block-themeisle-blocks-advanced-columns-overlay\"><\/div><div class=\"innerblocks-wrap\">\n<div id=\"wp-block-themeisle-blocks-advanced-column-0b9db5af\" class=\"wp-block-themeisle-blocks-advanced-column\">\n<section id=\"wp-block-themeisle-blocks-advanced-columns-62d68e08\" class=\"wp-block-themeisle-blocks-advanced-columns has-1-columns has-desktop-equal-layout has-tablet-equal-layout has-mobile-equal-layout has-vertical-flex-start\"><div class=\"wp-block-themeisle-blocks-advanced-columns-overlay\"><\/div><div class=\"innerblocks-wrap\">\n<div id=\"wp-block-themeisle-blocks-advanced-column-ba020b38\" class=\"wp-block-themeisle-blocks-advanced-column has-light-bg\">\n<h2 id=\"wp-block-themeisle-blocks-advanced-heading-6d6c2f48\" class=\"wp-block-themeisle-blocks-advanced-heading wp-block-themeisle-blocks-advanced-heading-6d6c2f48 has-dark-bg\">AKTUALNO\u015aCI<\/h2>\n\n\n\n<div class=\"wp-block-columns has-nv-light-bg-background-color has-background is-layout-flex wp-container-core-columns-is-layout-9d6595d7 wp-block-columns-is-layout-flex\">\n<div class=\"wp-block-column is-layout-flow wp-block-column-is-layout-flow\" style=\"flex-basis:100%\">\n<div class=\"wp-block-group\"><div class=\"wp-block-group__inner-container is-layout-constrained wp-block-group-is-layout-constrained\"><ul style=\"padding-top:var(--wp--preset--spacing--20);padding-bottom:var(--wp--preset--spacing--20);\" class=\"wp-block-latest-posts__list is-grid columns-3 has-dates has-link-color wp-elements-e898bf1b69f30794fd191aaad673f2ce wp-block-latest-posts has-text-color has-nv-dark-bg-color has-background has-nv-light-bg-background-color has-small-font-size\"><li><div class=\"wp-block-latest-posts__featured-image aligncenter\"><img decoding=\"async\" width=\"1024\" height=\"681\" src=\"https:\/\/futbolbezbarier.pl\/wp-content\/uploads\/2025\/12\/ppchorzow-150-1536x1022-1-1024x681.jpg\" class=\"attachment-large size-large wp-post-image\" alt=\"\" style=\"\" srcset=\"https:\/\/futbolbezbarier.pl\/wp-content\/uploads\/2025\/12\/ppchorzow-150-1536x1022-1-1024x681.jpg 1024w, https:\/\/futbolbezbarier.pl\/wp-content\/uploads\/2025\/12\/ppchorzow-150-1536x1022-1-300x200.jpg 300w, https:\/\/futbolbezbarier.pl\/wp-content\/uploads\/2025\/12\/ppchorzow-150-1536x1022-1-768x511.jpg 768w, https:\/\/futbolbezbarier.pl\/wp-content\/uploads\/2025\/12\/ppchorzow-150-1536x1022-1.jpg 1536w\" sizes=\"(max-width: 1024px) 100vw, 1024px\" \/><\/div><a class=\"wp-block-latest-posts__post-title\" href=\"https:\/\/futbolbezbarier.pl\/index.php\/2026\/04\/27\/puchhar-polski-w-futbolu-bez-barier-2026\/\">puchar polski w futbolu bez barier 2026<\/a><time datetime=\"2026-04-27T17:53:21+02:00\" class=\"wp-block-latest-posts__post-date\">2026-04-27<\/time><div class=\"wp-block-latest-posts__post-excerpt\">Puchar Polski w Futbolu Bez Barier 2026 \u2013 emocje rosn\u0105 z ka\u017cdym turniejem Puchar Polski w Futbolu Bez Barier to wyj\u0105tkowa inicjatywa sportowa, kt\u00f3ra otwiera drzwi do rywalizacji i integracji&hellip;&nbsp;<a href=\"https:\/\/futbolbezbarier.pl\/index.php\/2026\/04\/27\/puchhar-polski-w-futbolu-bez-barier-2026\/\" rel=\"bookmark\">Dowiedz si\u0119 wi\u0119cej &raquo;<span class=\"screen-reader-text\">puchar polski w futbolu bez barier 2026<\/span><\/a><\/div><\/li>\n<li><div class=\"wp-block-latest-posts__featured-image aligncenter\"><img decoding=\"async\" width=\"1024\" height=\"682\" src=\"https:\/\/futbolbezbarier.pl\/wp-content\/uploads\/2026\/04\/WhatsApp-Image-2026-04-18-at-07.07.13-1024x682.jpeg\" class=\"attachment-large size-large wp-post-image\" alt=\"\" style=\"\" srcset=\"https:\/\/futbolbezbarier.pl\/wp-content\/uploads\/2026\/04\/WhatsApp-Image-2026-04-18-at-07.07.13-1024x682.jpeg 1024w, https:\/\/futbolbezbarier.pl\/wp-content\/uploads\/2026\/04\/WhatsApp-Image-2026-04-18-at-07.07.13-300x200.jpeg 300w, https:\/\/futbolbezbarier.pl\/wp-content\/uploads\/2026\/04\/WhatsApp-Image-2026-04-18-at-07.07.13-768x511.jpeg 768w, https:\/\/futbolbezbarier.pl\/wp-content\/uploads\/2026\/04\/WhatsApp-Image-2026-04-18-at-07.07.13-930x620.jpeg 930w, https:\/\/futbolbezbarier.pl\/wp-content\/uploads\/2026\/04\/WhatsApp-Image-2026-04-18-at-07.07.13.jpeg 1280w\" sizes=\"(max-width: 1024px) 100vw, 1024px\" \/><\/div><a class=\"wp-block-latest-posts__post-title\" href=\"https:\/\/futbolbezbarier.pl\/index.php\/2026\/04\/21\/gala-mistrzow-bez-barier-2026\/\">GALA MISTRZ\u00d3W BEZ BARIER 2026<\/a><time datetime=\"2026-04-21T19:32:41+02:00\" class=\"wp-block-latest-posts__post-date\">2026-04-21<\/time><div class=\"wp-block-latest-posts__post-excerpt\">Sezon 2025 rozgrywek Futsalu Bez Barier przeszed\u0142 do historii jako jeden z najbardziej emocjonuj\u0105cych i inspiruj\u0105cych w dotychczasowej dzia\u0142alno\u015bci ligi. Przez wiele miesi\u0119cy 16 zespo\u0142\u00f3w z ca\u0142ej Polski rywalizowa\u0142o ze&hellip;&nbsp;<a href=\"https:\/\/futbolbezbarier.pl\/index.php\/2026\/04\/21\/gala-mistrzow-bez-barier-2026\/\" rel=\"bookmark\">Dowiedz si\u0119 wi\u0119cej &raquo;<span class=\"screen-reader-text\">GALA MISTRZ\u00d3W BEZ BARIER 2026<\/span><\/a><\/div><\/li>\n<li><div class=\"wp-block-latest-posts__featured-image aligncenter\"><img loading=\"lazy\" decoding=\"async\" width=\"1024\" height=\"682\" src=\"https:\/\/futbolbezbarier.pl\/wp-content\/uploads\/2026\/04\/WhatsApp-Image-2026-04-19-at-16.25.56-1024x682.jpeg\" class=\"attachment-large size-large wp-post-image\" alt=\"\" style=\"\" srcset=\"https:\/\/futbolbezbarier.pl\/wp-content\/uploads\/2026\/04\/WhatsApp-Image-2026-04-19-at-16.25.56-1024x682.jpeg 1024w, https:\/\/futbolbezbarier.pl\/wp-content\/uploads\/2026\/04\/WhatsApp-Image-2026-04-19-at-16.25.56-300x200.jpeg 300w, https:\/\/futbolbezbarier.pl\/wp-content\/uploads\/2026\/04\/WhatsApp-Image-2026-04-19-at-16.25.56-768x511.jpeg 768w, https:\/\/futbolbezbarier.pl\/wp-content\/uploads\/2026\/04\/WhatsApp-Image-2026-04-19-at-16.25.56-930x620.jpeg 930w, https:\/\/futbolbezbarier.pl\/wp-content\/uploads\/2026\/04\/WhatsApp-Image-2026-04-19-at-16.25.56.jpeg 1280w\" sizes=\"(max-width: 1024px) 100vw, 1024px\" \/><\/div><a class=\"wp-block-latest-posts__post-title\" href=\"https:\/\/futbolbezbarier.pl\/index.php\/2026\/04\/20\/inauguracja-sezonu-2026\/\">inauguracja sezonu 2026<\/a><time datetime=\"2026-04-20T22:26:42+02:00\" class=\"wp-block-latest-posts__post-date\">2026-04-20<\/time><div class=\"wp-block-latest-posts__post-excerpt\">Futbol bez barier ruszy\u0142 pe\u0142n\u0105 par\u0105. Emocjonuj\u0105cy start sezonu Weekend 18 i 19 kwietnia przyni\u00f3s\u0142 d\u0142ugo wyczekiwany pocz\u0105tek rozgrywek, w kt\u00f3rych g\u0142\u00f3wn\u0105 rol\u0119 odgrywa futbol bez barier. Nowy sezon wystartowa\u0142&hellip;&nbsp;<a href=\"https:\/\/futbolbezbarier.pl\/index.php\/2026\/04\/20\/inauguracja-sezonu-2026\/\" rel=\"bookmark\">Dowiedz si\u0119 wi\u0119cej &raquo;<span class=\"screen-reader-text\">inauguracja sezonu 2026<\/span><\/a><\/div><\/li>\n<\/ul><\/div><\/div>\n<\/div>\n<\/div>\n<\/div>\n<\/div><\/section>\n<\/div>\n<\/div><\/section>\n<\/div>\n<\/div>\n\n\n<div class=\"wp-block-image\">\n<figure class=\"aligncenter size-large\"><img loading=\"lazy\" decoding=\"async\" width=\"1024\" height=\"52\" src=\"https:\/\/futbolbezbarier.pl\/wp-content\/uploads\/2025\/01\/STOPKA-FBB-LOGA-1024x52.png\" alt=\"\" class=\"wp-image-1101\" srcset=\"https:\/\/futbolbezbarier.pl\/wp-content\/uploads\/2025\/01\/STOPKA-FBB-LOGA-1024x52.png 1024w, https:\/\/futbolbezbarier.pl\/wp-content\/uploads\/2025\/01\/STOPKA-FBB-LOGA-300x15.png 300w, https:\/\/futbolbezbarier.pl\/wp-content\/uploads\/2025\/01\/STOPKA-FBB-LOGA-768x39.png 768w, https:\/\/futbolbezbarier.pl\/wp-content\/uploads\/2025\/01\/STOPKA-FBB-LOGA-1536x78.png 1536w, https:\/\/futbolbezbarier.pl\/wp-content\/uploads\/2025\/01\/STOPKA-FBB-LOGA.png 1920w\" sizes=\"(max-width: 1024px) 100vw, 1024px\" \/><\/figure>\n<\/div>\n\n\n<div id=\"wp-block-themeisle-blocks-advanced-columns-f326b099\" class=\"wp-block-themeisle-blocks-advanced-columns has-1-columns has-desktop-equal-layout has-tablet-equal-layout has-mobile-equal-layout has-vertical-unset has-light-bg\"><div class=\"wp-block-themeisle-blocks-advanced-columns-overlay\"><\/div><div class=\"innerblocks-wrap\">\n<div id=\"wp-block-themeisle-blocks-advanced-column-2fb5b4c8\" class=\"wp-block-themeisle-blocks-advanced-column\">\n<p class=\"has-text-align-center\"><strong>ZNAJD\u0179 NAS TAK\u017bE<\/strong>:<\/p>\n\n\n\n<ul class=\"wp-block-social-links aligncenter has-huge-icon-size is-layout-flex wp-block-social-links-is-layout-flex\"><li class=\"wp-social-link wp-social-link-facebook  animated bounce wp-block-social-link\"><a href=\"https:\/\/www.facebook.com\/FutsalBezBarier\" class=\"wp-block-social-link-anchor\"><svg width=\"24\" height=\"24\" viewBox=\"0 0 24 24\" version=\"1.1\" xmlns=\"http:\/\/www.w3.org\/2000\/svg\" aria-hidden=\"true\" focusable=\"false\"><path d=\"M12 2C6.5 2 2 6.5 2 12c0 5 3.7 9.1 8.4 9.9v-7H7.9V12h2.5V9.8c0-2.5 1.5-3.9 3.8-3.9 1.1 0 2.2.2 2.2.2v2.5h-1.3c-1.2 0-1.6.8-1.6 1.6V12h2.8l-.4 2.9h-2.3v7C18.3 21.1 22 17 22 12c0-5.5-4.5-10-10-10z\"><\/path><\/svg><span class=\"wp-block-social-link-label screen-reader-text\">Facebook<\/span><\/a><\/li>\n\n<li class=\"wp-social-link wp-social-link-instagram  wp-block-social-link\"><a href=\"https:\/\/www.instagram.com\/futsalbezbarier\/\" class=\"wp-block-social-link-anchor\"><svg width=\"24\" height=\"24\" viewBox=\"0 0 24 24\" version=\"1.1\" xmlns=\"http:\/\/www.w3.org\/2000\/svg\" aria-hidden=\"true\" focusable=\"false\"><path d=\"M12,4.622c2.403,0,2.688,0.009,3.637,0.052c0.877,0.04,1.354,0.187,1.671,0.31c0.42,0.163,0.72,0.358,1.035,0.673 c0.315,0.315,0.51,0.615,0.673,1.035c0.123,0.317,0.27,0.794,0.31,1.671c0.043,0.949,0.052,1.234,0.052,3.637 s-0.009,2.688-0.052,3.637c-0.04,0.877-0.187,1.354-0.31,1.671c-0.163,0.42-0.358,0.72-0.673,1.035 c-0.315,0.315-0.615,0.51-1.035,0.673c-0.317,0.123-0.794,0.27-1.671,0.31c-0.949,0.043-1.233,0.052-3.637,0.052 s-2.688-0.009-3.637-0.052c-0.877-0.04-1.354-0.187-1.671-0.31c-0.42-0.163-0.72-0.358-1.035-0.673 c-0.315-0.315-0.51-0.615-0.673-1.035c-0.123-0.317-0.27-0.794-0.31-1.671C4.631,14.688,4.622,14.403,4.622,12 s0.009-2.688,0.052-3.637c0.04-0.877,0.187-1.354,0.31-1.671c0.163-0.42,0.358-0.72,0.673-1.035 c0.315-0.315,0.615-0.51,1.035-0.673c0.317-0.123,0.794-0.27,1.671-0.31C9.312,4.631,9.597,4.622,12,4.622 M12,3 C9.556,3,9.249,3.01,8.289,3.054C7.331,3.098,6.677,3.25,6.105,3.472C5.513,3.702,5.011,4.01,4.511,4.511 c-0.5,0.5-0.808,1.002-1.038,1.594C3.25,6.677,3.098,7.331,3.054,8.289C3.01,9.249,3,9.556,3,12c0,2.444,0.01,2.751,0.054,3.711 c0.044,0.958,0.196,1.612,0.418,2.185c0.23,0.592,0.538,1.094,1.038,1.594c0.5,0.5,1.002,0.808,1.594,1.038 c0.572,0.222,1.227,0.375,2.185,0.418C9.249,20.99,9.556,21,12,21s2.751-0.01,3.711-0.054c0.958-0.044,1.612-0.196,2.185-0.418 c0.592-0.23,1.094-0.538,1.594-1.038c0.5-0.5,0.808-1.002,1.038-1.594c0.222-0.572,0.375-1.227,0.418-2.185 C20.99,14.751,21,14.444,21,12s-0.01-2.751-0.054-3.711c-0.044-0.958-0.196-1.612-0.418-2.185c-0.23-0.592-0.538-1.094-1.038-1.594 c-0.5-0.5-1.002-0.808-1.594-1.038c-0.572-0.222-1.227-0.375-2.185-0.418C14.751,3.01,14.444,3,12,3L12,3z M12,7.378 c-2.552,0-4.622,2.069-4.622,4.622S9.448,16.622,12,16.622s4.622-2.069,4.622-4.622S14.552,7.378,12,7.378z M12,15 c-1.657,0-3-1.343-3-3s1.343-3,3-3s3,1.343,3,3S13.657,15,12,15z M16.804,6.116c-0.596,0-1.08,0.484-1.08,1.08 s0.484,1.08,1.08,1.08c0.596,0,1.08-0.484,1.08-1.08S17.401,6.116,16.804,6.116z\"><\/path><\/svg><span class=\"wp-block-social-link-label screen-reader-text\">Instagram<\/span><\/a><\/li>\n\n<li class=\"wp-social-link wp-social-link-youtube  animated bounce wp-block-social-link\"><a href=\"https:\/\/www.youtube.com\/@futbolbezbarier\" class=\"wp-block-social-link-anchor\"><svg width=\"24\" height=\"24\" viewBox=\"0 0 24 24\" version=\"1.1\" xmlns=\"http:\/\/www.w3.org\/2000\/svg\" aria-hidden=\"true\" focusable=\"false\"><path d=\"M21.8,8.001c0,0-0.195-1.378-0.795-1.985c-0.76-0.797-1.613-0.801-2.004-0.847c-2.799-0.202-6.997-0.202-6.997-0.202 h-0.009c0,0-4.198,0-6.997,0.202C4.608,5.216,3.756,5.22,2.995,6.016C2.395,6.623,2.2,8.001,2.2,8.001S2,9.62,2,11.238v1.517 c0,1.618,0.2,3.237,0.2,3.237s0.195,1.378,0.795,1.985c0.761,0.797,1.76,0.771,2.205,0.855c1.6,0.153,6.8,0.201,6.8,0.201 s4.203-0.006,7.001-0.209c0.391-0.047,1.243-0.051,2.004-0.847c0.6-0.607,0.795-1.985,0.795-1.985s0.2-1.618,0.2-3.237v-1.517 C22,9.62,21.8,8.001,21.8,8.001z M9.935,14.594l-0.001-5.62l5.404,2.82L9.935,14.594z\"><\/path><\/svg><span class=\"wp-block-social-link-label screen-reader-text\">YouTube<\/span><\/a><\/li>\n\n<li class=\"wp-social-link wp-social-link-tiktok  wp-block-social-link\"><a href=\"https:\/\/www.tiktok.com\/@futbolbezbarier\" class=\"wp-block-social-link-anchor\"><svg width=\"24\" height=\"24\" viewBox=\"0 0 32 32\" version=\"1.1\" xmlns=\"http:\/\/www.w3.org\/2000\/svg\" aria-hidden=\"true\" focusable=\"false\"><path d=\"M16.708 0.027c1.745-0.027 3.48-0.011 5.213-0.027 0.105 2.041 0.839 4.12 2.333 5.563 1.491 1.479 3.6 2.156 5.652 2.385v5.369c-1.923-0.063-3.855-0.463-5.6-1.291-0.76-0.344-1.468-0.787-2.161-1.24-0.009 3.896 0.016 7.787-0.025 11.667-0.104 1.864-0.719 3.719-1.803 5.255-1.744 2.557-4.771 4.224-7.88 4.276-1.907 0.109-3.812-0.411-5.437-1.369-2.693-1.588-4.588-4.495-4.864-7.615-0.032-0.667-0.043-1.333-0.016-1.984 0.24-2.537 1.495-4.964 3.443-6.615 2.208-1.923 5.301-2.839 8.197-2.297 0.027 1.975-0.052 3.948-0.052 5.923-1.323-0.428-2.869-0.308-4.025 0.495-0.844 0.547-1.485 1.385-1.819 2.333-0.276 0.676-0.197 1.427-0.181 2.145 0.317 2.188 2.421 4.027 4.667 3.828 1.489-0.016 2.916-0.88 3.692-2.145 0.251-0.443 0.532-0.896 0.547-1.417 0.131-2.385 0.079-4.76 0.095-7.145 0.011-5.375-0.016-10.735 0.025-16.093z\" \/><\/svg><span class=\"wp-block-social-link-label screen-reader-text\">TikTok<\/span><\/a><\/li><\/ul>\n<\/div>\n<\/div><\/div>\n\n\n\n<hr class=\"wp-block-separator has-alpha-channel-opacity\"\/>\n\n\n\n<div class=\"wp-block-columns is-layout-flex wp-container-core-columns-is-layout-9d6595d7 wp-block-columns-is-layout-flex\">\n<div class=\"wp-block-column is-layout-flow wp-block-column-is-layout-flow\"><div class=\"wp-block-image animated zoomIn\">\n<figure class=\"aligncenter size-large\"><img loading=\"lazy\" decoding=\"async\" width=\"1024\" height=\"113\" src=\"https:\/\/futbolbezbarier.pl\/wp-content\/uploads\/2025\/01\/plansza-na-strone1-1-1-1024x113.jpg\" alt=\"\" class=\"wp-image-924\" srcset=\"https:\/\/futbolbezbarier.pl\/wp-content\/uploads\/2025\/01\/plansza-na-strone1-1-1-1024x113.jpg 1024w, https:\/\/futbolbezbarier.pl\/wp-content\/uploads\/2025\/01\/plansza-na-strone1-1-1-300x33.jpg 300w, https:\/\/futbolbezbarier.pl\/wp-content\/uploads\/2025\/01\/plansza-na-strone1-1-1-768x85.jpg 768w, https:\/\/futbolbezbarier.pl\/wp-content\/uploads\/2025\/01\/plansza-na-strone1-1-1-1536x170.jpg 1536w, https:\/\/futbolbezbarier.pl\/wp-content\/uploads\/2025\/01\/plansza-na-strone1-1-1-2048x227.jpg 2048w\" sizes=\"(max-width: 1024px) 100vw, 1024px\" \/><\/figure>\n<\/div><\/div>\n<\/div>\n\n\n\n<div class=\"wp-block-columns has-nv-light-bg-background-color has-background is-layout-flex wp-container-core-columns-is-layout-9d6595d7 wp-block-columns-is-layout-flex\">\n<div class=\"wp-block-column is-layout-flow wp-block-column-is-layout-flow\" style=\"flex-basis:33.33%\">\n<h2 class=\"wp-block-heading has-text-align-center animated zoomIn has-medium-font-size\">CZYM JEST DLA NAS <br>FUTBOL BEZ BARIER?<\/h2>\n\n\n\n<p>Dla os\u00f3b z niepe\u0142nosprawno\u015bciami pi\u0142ka no\u017cna to co\u015b znacznie wi\u0119cej ni\u017c zwyk\u0142a gra. To pasja, kt\u00f3ra daje si\u0142\u0119, motywacj\u0119 i poczucie przynale\u017cno\u015bci. Dla wielu z nich futbol sta\u0142 si\u0119 sposobem na \u017cycie \u2013 drog\u0105 do spe\u0142niania marze\u0144, walki z w\u0142asnymi ograniczeniami i budowania nowych relacji.<\/p>\n<\/div>\n\n\n\n<div class=\"wp-block-column is-layout-flow wp-block-column-is-layout-flow\" style=\"flex-basis:66.66%\">\n<figure class=\"wp-block-embed is-type-video is-provider-youtube wp-block-embed-youtube wp-embed-aspect-16-9 wp-has-aspect-ratio\"><div class=\"wp-block-embed__wrapper\">\n<div class=\"nv-iframe-embed\"><iframe title=\"Futsal Bez Barier\" width=\"1200\" height=\"675\" src=\"https:\/\/www.youtube.com\/embed\/eWveQhIVrB0?feature=oembed\" frameborder=\"0\" allow=\"accelerometer; autoplay; clipboard-write; encrypted-media; gyroscope; picture-in-picture; web-share\" referrerpolicy=\"strict-origin-when-cross-origin\" allowfullscreen><\/iframe><\/div>\n<\/div><\/figure>\n<\/div>\n<\/div>\n\n\n\n<hr class=\"wp-block-separator has-alpha-channel-opacity\"\/>\n\n\n\n<h2 class=\"wp-block-heading has-text-align-center animated zoomIn\">WARTO\u015aCI, KT\u00d3RE NAS DEFINIUJ\u0104&#8230;<\/h2>\n\n\n\n<div id=\"wp-block-themeisle-blocks-advanced-columns-1d2926d6\" class=\"wp-block-themeisle-blocks-advanced-columns alignfull has-2-columns has-desktop-equal-layout has-tablet-equal-layout has-mobile-collapsedRows-layout has-reverse-columns-mobile has-vertical-top ticss-c00aadba\"><div class=\"wp-block-themeisle-blocks-advanced-columns-overlay\"><\/div><div class=\"innerblocks-wrap\">\n<div id=\"wp-block-themeisle-blocks-advanced-column-e32f0cfa\" class=\"wp-block-themeisle-blocks-advanced-column\"><style type=\"text\/css\">.otter-masonry .blocks-gallery-grid .blocks-gallery-item img{ width:100% }<\/style><div class=\"otter-masonry\" data-margin=\"10\">\n<figure class=\"wp-block-gallery has-nested-images columns-2 is-cropped wp-block-gallery-1 is-layout-flex wp-block-gallery-is-layout-flex\">\n<figure class=\"wp-block-image size-large\"><img loading=\"lazy\" decoding=\"async\" width=\"835\" height=\"1114\" data-id=\"1292\" src=\"https:\/\/futbolbezbarier.pl\/wp-content\/uploads\/2025\/01\/347644571_280511417706193_8900027934828748748_n-e1737040186921-edited.jpg\" alt=\"\" class=\"wp-image-1292\" srcset=\"https:\/\/futbolbezbarier.pl\/wp-content\/uploads\/2025\/01\/347644571_280511417706193_8900027934828748748_n-e1737040186921-edited.jpg 835w, https:\/\/futbolbezbarier.pl\/wp-content\/uploads\/2025\/01\/347644571_280511417706193_8900027934828748748_n-e1737040186921-edited-225x300.jpg 225w, https:\/\/futbolbezbarier.pl\/wp-content\/uploads\/2025\/01\/347644571_280511417706193_8900027934828748748_n-e1737040186921-edited-768x1025.jpg 768w\" sizes=\"(max-width: 835px) 100vw, 835px\" \/><\/figure>\n\n\n\n<figure class=\"wp-block-image size-large\"><img loading=\"lazy\" decoding=\"async\" width=\"1024\" height=\"768\" data-id=\"1077\" src=\"https:\/\/futbolbezbarier.pl\/wp-content\/uploads\/2025\/01\/NBESCday1-131-1024x768.jpg\" alt=\"\" class=\"wp-image-1077\" srcset=\"https:\/\/futbolbezbarier.pl\/wp-content\/uploads\/2025\/01\/NBESCday1-131-1024x768.jpg 1024w, https:\/\/futbolbezbarier.pl\/wp-content\/uploads\/2025\/01\/NBESCday1-131-300x225.jpg 300w, https:\/\/futbolbezbarier.pl\/wp-content\/uploads\/2025\/01\/NBESCday1-131-768x576.jpg 768w, https:\/\/futbolbezbarier.pl\/wp-content\/uploads\/2025\/01\/NBESCday1-131-1536x1152.jpg 1536w, https:\/\/futbolbezbarier.pl\/wp-content\/uploads\/2025\/01\/NBESCday1-131-2048x1536.jpg 2048w\" sizes=\"(max-width: 1024px) 100vw, 1024px\" \/><\/figure>\n\n\n\n<figure class=\"wp-block-image size-large\"><img loading=\"lazy\" decoding=\"async\" width=\"914\" height=\"1218\" data-id=\"1294\" src=\"https:\/\/futbolbezbarier.pl\/wp-content\/uploads\/2025\/01\/461695280_2273796502989721_4944836332164436700_n-edited.jpg\" alt=\"\" class=\"wp-image-1294\" srcset=\"https:\/\/futbolbezbarier.pl\/wp-content\/uploads\/2025\/01\/461695280_2273796502989721_4944836332164436700_n-edited.jpg 914w, https:\/\/futbolbezbarier.pl\/wp-content\/uploads\/2025\/01\/461695280_2273796502989721_4944836332164436700_n-edited-225x300.jpg 225w, https:\/\/futbolbezbarier.pl\/wp-content\/uploads\/2025\/01\/461695280_2273796502989721_4944836332164436700_n-edited-768x1023.jpg 768w\" sizes=\"(max-width: 914px) 100vw, 914px\" \/><\/figure>\n\n\n\n<figure class=\"wp-block-image size-large\"><img loading=\"lazy\" decoding=\"async\" width=\"1024\" height=\"768\" data-id=\"1078\" src=\"https:\/\/futbolbezbarier.pl\/wp-content\/uploads\/2025\/01\/NBESCday1-202-1024x768.jpg\" alt=\"\" class=\"wp-image-1078\" srcset=\"https:\/\/futbolbezbarier.pl\/wp-content\/uploads\/2025\/01\/NBESCday1-202-1024x768.jpg 1024w, https:\/\/futbolbezbarier.pl\/wp-content\/uploads\/2025\/01\/NBESCday1-202-300x225.jpg 300w, https:\/\/futbolbezbarier.pl\/wp-content\/uploads\/2025\/01\/NBESCday1-202-768x576.jpg 768w, https:\/\/futbolbezbarier.pl\/wp-content\/uploads\/2025\/01\/NBESCday1-202-1536x1152.jpg 1536w, https:\/\/futbolbezbarier.pl\/wp-content\/uploads\/2025\/01\/NBESCday1-202-2048x1536.jpg 2048w\" sizes=\"(max-width: 1024px) 100vw, 1024px\" \/><\/figure>\n<\/figure>\n<\/div><\/div>\n\n\n\n<div id=\"wp-block-themeisle-blocks-advanced-column-631489be\" class=\"wp-block-themeisle-blocks-advanced-column\">\n<p><strong>Inkluzyjno\u015b\u0107<\/strong> \u2013 zapewnienie dost\u0119pu do pi\u0142ki no\u017cnej dla wszystkich,<br><strong>R\u00f3wno\u015b\u0107<\/strong> \u2013 traktowanie wszystkich zawodnik\u00f3w z szacunkiem i bez dyskryminacji.<br><strong>Szacunek<\/strong> \u2013 budowanie pozytywnego \u015brodowiska opartego na wzajemnym wsparciu.<br><strong>Fair play<\/strong> \u2013 uczciwo\u015b\u0107, sportowa rywalizacja i przestrzeganie zasad gry.<br><strong>Dost\u0119pno\u015b\u0107<\/strong> \u2013 dostosowanie infrastruktury, sprz\u0119tu i regulamin\u00f3w do potrzeb zawodnik\u00f3w z niepe\u0142nosprawno\u015bciami.<br><strong>Pasja do sportu<\/strong> \u2013 promowanie rado\u015bci z gry w pi\u0142k\u0119 no\u017cn\u0105.<br><strong>Rozw\u00f3j osobisty i sportowy<\/strong> \u2013 wspieranie zawodnik\u00f3w w osi\u0105ganiu ich pe\u0142nego potencja\u0142u.<br><strong>Wsp\u00f3lnota<\/strong> \u2013 budowanie poczucia przynale\u017cno\u015bci i integracji spo\u0142ecznej poprzez sport.<br><strong>Zdrowie i dobre samopoczucie<\/strong> \u2013 zach\u0119canie do aktywno\u015bci fizycznej i zdrowego trybu \u017cycia.<br><strong>Inspiracja i motywacja<\/strong> \u2013 ukazywanie pi\u0142ki no\u017cnej jako narz\u0119dzia do prze\u0142amywania barier i osi\u0105gania cel\u00f3w.<\/p>\n<\/div>\n<\/div><\/div>\n\n\n\n<hr class=\"wp-block-separator has-alpha-channel-opacity\"\/>\n\n\n\n<section id=\"wp-block-themeisle-blocks-advanced-columns-88d2ee48\" class=\"wp-block-themeisle-blocks-advanced-columns has-2-columns has-desktop-equal-layout has-tablet-equal-layout has-mobile-collapsedRows-layout has-vertical-center\"><div class=\"wp-block-themeisle-blocks-advanced-columns-overlay\"><\/div><div class=\"innerblocks-wrap\">\n<div id=\"wp-block-themeisle-blocks-advanced-column-246c5eb4\" class=\"wp-block-themeisle-blocks-advanced-column\">\n<span id=\"wp-block-themeisle-blocks-advanced-heading-4cdba9ae\" class=\"wp-block-themeisle-blocks-advanced-heading wp-block-themeisle-blocks-advanced-heading-4cdba9ae\"><strong>MAPA POLSKI<\/strong><\/span>\n\n\n\n<h2 id=\"wp-block-themeisle-blocks-advanced-heading-de97145d\" class=\"wp-block-themeisle-blocks-advanced-heading wp-block-themeisle-blocks-advanced-heading-de97145d\">Kluby Bez Barier <\/h2>\n\n\n\n<span id=\"wp-block-themeisle-blocks-advanced-heading-74c275e8\" class=\"wp-block-themeisle-blocks-advanced-heading wp-block-themeisle-blocks-advanced-heading-74c275e8\"><strong>NA MAPIE ZNAJDZIESZ KLUBY ZRZESZONE W NASZEJ ORGANIZACJI.<\/strong><\/span>\n\n\n\n<p>ZNAJD\u0179 KLUB W SWOJEJ OKOLICY I ZACZNIEJ PRZYGOD\u0118 Z PI\u0141K\u0104 JUZ DZIS!<\/p>\n\n\n\n<span id=\"wp-block-themeisle-blocks-advanced-heading-e867de30\" class=\"wp-block-themeisle-blocks-advanced-heading wp-block-themeisle-blocks-advanced-heading-e867de30\"><strong><a href=\"https:\/\/futbolbezbarier.pl\/index.php\/kluby-bez-barier\/\">TUTAJ ZNAJDZIESZ KLUB W SWOJEJ OKOLICY<\/a><\/strong><\/span>\n\n\n\n<span id=\"wp-block-themeisle-blocks-advanced-heading-f75029e0\" class=\"wp-block-themeisle-blocks-advanced-heading wp-block-themeisle-blocks-advanced-heading-f75029e0\">MASZ WI\u0118CEJ PYTA\u0143? <a href=\"https:\/\/futbolbezbarier.pl\/index.php\/a5213-contact\/\">S<\/a><a href=\"https:\/\/futbolbezbarier.pl\/index.php\/kontakt\/\">KONTAKTUJ SI\u0118 Z NAMI!<\/a><\/span>\n\n\n\n<span id=\"wp-block-themeisle-blocks-advanced-heading-808c86b8\" class=\"wp-block-themeisle-blocks-advanced-heading wp-block-themeisle-blocks-advanced-heading-808c86b8\"><\/span>\n<\/div>\n\n\n\n<div id=\"wp-block-themeisle-blocks-advanced-column-d8dc3166\" class=\"wp-block-themeisle-blocks-advanced-column\">\n<figure class=\"wp-block-image size-full animated pulse\"><img loading=\"lazy\" decoding=\"async\" width=\"940\" height=\"788\" src=\"https:\/\/futbolbezbarier.pl\/wp-content\/uploads\/2025\/05\/Projekt-bez-nazwy-33.png\" alt=\"\" class=\"wp-image-1625\" srcset=\"https:\/\/futbolbezbarier.pl\/wp-content\/uploads\/2025\/05\/Projekt-bez-nazwy-33.png 940w, https:\/\/futbolbezbarier.pl\/wp-content\/uploads\/2025\/05\/Projekt-bez-nazwy-33-300x251.png 300w, https:\/\/futbolbezbarier.pl\/wp-content\/uploads\/2025\/05\/Projekt-bez-nazwy-33-768x644.png 768w\" sizes=\"(max-width: 940px) 100vw, 940px\" \/><\/figure>\n<\/div>\n<\/div><\/section>\n\n\n\n<p><\/p>\n","protected":false},"excerpt":{"rendered":"<p>SEZON 2026 TO JESZCZE WI\u0118CEJ PI\u0141KARSKICH EMOCJI! EKSTRAKLASA P\u00d3\u0141NOC 1 LIGA P\u00d3\u0141NOC EKSTRAKLASA PO\u0141UDNIE 1 LIGA PO\u0141UDNIE CZYM JEST DLA NAS FUTBOL BEZ BARIER? Dla os\u00f3b z niepe\u0142nosprawno\u015bciami pi\u0142ka no\u017cna to co\u015b znacznie wi\u0119cej ni\u017c zwyk\u0142a gra. To pasja, kt\u00f3ra daje si\u0142\u0119, motywacj\u0119 i poczucie przynale\u017cno\u015bci. Dla wielu z nich futbol sta\u0142 si\u0119 sposobem na&hellip;&nbsp;<a href=\"https:\/\/futbolbezbarier.pl\/\" rel=\"bookmark\">Dowiedz si\u0119 wi\u0119cej &raquo;<span class=\"screen-reader-text\">FUTBOL BEZ BARIER<\/span><\/a><\/p>\n","protected":false},"author":2,"featured_media":1394,"parent":0,"menu_order":0,"comment_status":"closed","ping_status":"closed","template":"elementor_theme","meta":{"_monsterinsights_skip_tracking":false,"_monsterinsights_sitenote_active":false,"_monsterinsights_sitenote_note":"","_monsterinsights_sitenote_category":0,"neve_meta_sidebar":"full-width","neve_meta_container":"","neve_meta_enable_content_width":"on","neve_meta_content_width":100,"neve_meta_title_alignment":"left","neve_meta_author_avatar":"","neve_post_elements_order":"","neve_meta_disable_header":"","neve_meta_disable_footer":"","neve_meta_disable_title":"","_themeisle_gutenberg_block_has_review":false,"footnotes":""},"class_list":["post-129","page","type-page","status-publish","has-post-thumbnail","hentry"],"yoast_head":"<!-- This site is optimized with the Yoast SEO plugin v27.5 - https:\/\/yoast.com\/product\/yoast-seo-wordpress\/ -->\n<title>Futbol Bez Barier - pi\u0142ka no\u017cna dla os\u00f3b z niepe\u0142nosprawno\u015bciami<\/title>\n<meta name=\"description\" content=\"Futbol Bez Barier \u2013 rozgrywki pi\u0142karskie dla os\u00f3b z niepe\u0142nosprawno\u015bciami. Pi\u0142ka no\u017cna dla os\u00f3b niepe\u0142nosprawnych.\" \/>\n<meta name=\"robots\" content=\"index, follow, max-snippet:-1, max-image-preview:large, max-video-preview:-1\" \/>\n<link rel=\"canonical\" href=\"https:\/\/futbolbezbarier.pl\/\" \/>\n<meta property=\"og:locale\" content=\"pl_PL\" \/>\n<meta property=\"og:type\" content=\"article\" \/>\n<meta property=\"og:title\" content=\"Futbol Bez Barier - pi\u0142ka no\u017cna dla os\u00f3b z niepe\u0142nosprawno\u015bciami\" \/>\n<meta property=\"og:description\" content=\"Futbol Bez Barier \u2013 rozgrywki pi\u0142karskie dla os\u00f3b z niepe\u0142nosprawno\u015bciami. Pi\u0142ka no\u017cna dla os\u00f3b niepe\u0142nosprawnych.\" \/>\n<meta property=\"og:url\" content=\"https:\/\/futbolbezbarier.pl\/\" \/>\n<meta property=\"og:site_name\" content=\"Futbol Bez Barier\" \/>\n<meta property=\"article:publisher\" content=\"https:\/\/www.facebook.com\/FutbollBezBarier\/\" \/>\n<meta property=\"article:modified_time\" content=\"2026-04-20T19:13:51+00:00\" \/>\n<meta property=\"og:image\" content=\"https:\/\/futbolbezbarier.pl\/wp-content\/uploads\/2025\/01\/NBESCday1-141-scaled.jpg\" \/>\n\t<meta property=\"og:image:width\" content=\"2560\" \/>\n\t<meta property=\"og:image:height\" content=\"1920\" \/>\n\t<meta property=\"og:image:type\" content=\"image\/jpeg\" \/>\n<meta name=\"twitter:card\" content=\"summary_large_image\" \/>\n<meta name=\"twitter:label1\" content=\"Szacowany czas czytania\" \/>\n\t<meta name=\"twitter:data1\" content=\"4 minuty\" \/>\n<script type=\"application\/ld+json\" class=\"yoast-schema-graph\">{\"@context\":\"https:\\\/\\\/schema.org\",\"@graph\":[{\"@type\":\"WebPage\",\"@id\":\"https:\\\/\\\/futbolbezbarier.pl\\\/\",\"url\":\"https:\\\/\\\/futbolbezbarier.pl\\\/\",\"name\":\"Futbol Bez Barier - pi\u0142ka no\u017cna dla os\u00f3b z niepe\u0142nosprawno\u015bciami\",\"isPartOf\":{\"@id\":\"https:\\\/\\\/futbolbezbarier.pl\\\/#website\"},\"primaryImageOfPage\":{\"@id\":\"https:\\\/\\\/futbolbezbarier.pl\\\/#primaryimage\"},\"image\":{\"@id\":\"https:\\\/\\\/futbolbezbarier.pl\\\/#primaryimage\"},\"thumbnailUrl\":\"https:\\\/\\\/futbolbezbarier.pl\\\/wp-content\\\/uploads\\\/2025\\\/01\\\/NBESCday1-141-scaled.jpg\",\"datePublished\":\"2020-02-14T10:59:11+00:00\",\"dateModified\":\"2026-04-20T19:13:51+00:00\",\"description\":\"Futbol Bez Barier \u2013 rozgrywki pi\u0142karskie dla os\u00f3b z niepe\u0142nosprawno\u015bciami. Pi\u0142ka no\u017cna dla os\u00f3b niepe\u0142nosprawnych.\",\"breadcrumb\":{\"@id\":\"https:\\\/\\\/futbolbezbarier.pl\\\/#breadcrumb\"},\"inLanguage\":\"pl-PL\",\"potentialAction\":[{\"@type\":\"ReadAction\",\"target\":[\"https:\\\/\\\/futbolbezbarier.pl\\\/\"]}]},{\"@type\":\"ImageObject\",\"inLanguage\":\"pl-PL\",\"@id\":\"https:\\\/\\\/futbolbezbarier.pl\\\/#primaryimage\",\"url\":\"https:\\\/\\\/futbolbezbarier.pl\\\/wp-content\\\/uploads\\\/2025\\\/01\\\/NBESCday1-141-scaled.jpg\",\"contentUrl\":\"https:\\\/\\\/futbolbezbarier.pl\\\/wp-content\\\/uploads\\\/2025\\\/01\\\/NBESCday1-141-scaled.jpg\",\"width\":2560,\"height\":1920},{\"@type\":\"BreadcrumbList\",\"@id\":\"https:\\\/\\\/futbolbezbarier.pl\\\/#breadcrumb\",\"itemListElement\":[{\"@type\":\"ListItem\",\"position\":1,\"name\":\"Home\",\"item\":\"https:\\\/\\\/futbolbezbarier.pl\\\/\"},{\"@type\":\"ListItem\",\"position\":2,\"name\":\"FUTBOL BEZ BARIER\"}]},{\"@type\":\"WebSite\",\"@id\":\"https:\\\/\\\/futbolbezbarier.pl\\\/#website\",\"url\":\"https:\\\/\\\/futbolbezbarier.pl\\\/\",\"name\":\"Futbol Bez Barier\",\"description\":\"Pi\u0142ka no\u017cna dla os\u00f3b z niepe\u0142nosprawno\u015bciami\",\"publisher\":{\"@id\":\"https:\\\/\\\/futbolbezbarier.pl\\\/#organization\"},\"potentialAction\":[{\"@type\":\"SearchAction\",\"target\":{\"@type\":\"EntryPoint\",\"urlTemplate\":\"https:\\\/\\\/futbolbezbarier.pl\\\/?s={search_term_string}\"},\"query-input\":{\"@type\":\"PropertyValueSpecification\",\"valueRequired\":true,\"valueName\":\"search_term_string\"}}],\"inLanguage\":\"pl-PL\"},{\"@type\":\"Organization\",\"@id\":\"https:\\\/\\\/futbolbezbarier.pl\\\/#organization\",\"name\":\"Futbol Bez Barier\",\"url\":\"https:\\\/\\\/futbolbezbarier.pl\\\/\",\"logo\":{\"@type\":\"ImageObject\",\"inLanguage\":\"pl-PL\",\"@id\":\"https:\\\/\\\/futbolbezbarier.pl\\\/#\\\/schema\\\/logo\\\/image\\\/\",\"url\":\"https:\\\/\\\/futbolbezbarier.pl\\\/wp-content\\\/uploads\\\/2025\\\/02\\\/Projekt-bez-nazwy-20.png\",\"contentUrl\":\"https:\\\/\\\/futbolbezbarier.pl\\\/wp-content\\\/uploads\\\/2025\\\/02\\\/Projekt-bez-nazwy-20.png\",\"width\":940,\"height\":788,\"caption\":\"Futbol Bez Barier\"},\"image\":{\"@id\":\"https:\\\/\\\/futbolbezbarier.pl\\\/#\\\/schema\\\/logo\\\/image\\\/\"},\"sameAs\":[\"https:\\\/\\\/www.facebook.com\\\/FutbollBezBarier\\\/\",\"https:\\\/\\\/www.youtube.com\\\/channel\\\/UCTKZn9TuPuanTWiCGnTRGGw\"]}]}<\/script>\n<!-- \/ Yoast SEO plugin. -->","yoast_head_json":{"title":"Futbol Bez Barier - pi\u0142ka no\u017cna dla os\u00f3b z niepe\u0142nosprawno\u015bciami","description":"Futbol Bez Barier \u2013 rozgrywki pi\u0142karskie dla os\u00f3b z niepe\u0142nosprawno\u015bciami. Pi\u0142ka no\u017cna dla os\u00f3b niepe\u0142nosprawnych.","robots":{"index":"index","follow":"follow","max-snippet":"max-snippet:-1","max-image-preview":"max-image-preview:large","max-video-preview":"max-video-preview:-1"},"canonical":"https:\/\/futbolbezbarier.pl\/","og_locale":"pl_PL","og_type":"article","og_title":"Futbol Bez Barier - pi\u0142ka no\u017cna dla os\u00f3b z niepe\u0142nosprawno\u015bciami","og_description":"Futbol Bez Barier \u2013 rozgrywki pi\u0142karskie dla os\u00f3b z niepe\u0142nosprawno\u015bciami. Pi\u0142ka no\u017cna dla os\u00f3b niepe\u0142nosprawnych.","og_url":"https:\/\/futbolbezbarier.pl\/","og_site_name":"Futbol Bez Barier","article_publisher":"https:\/\/www.facebook.com\/FutbollBezBarier\/","article_modified_time":"2026-04-20T19:13:51+00:00","og_image":[{"width":2560,"height":1920,"url":"https:\/\/futbolbezbarier.pl\/wp-content\/uploads\/2025\/01\/NBESCday1-141-scaled.jpg","type":"image\/jpeg"}],"twitter_card":"summary_large_image","twitter_misc":{"Szacowany czas czytania":"4 minuty"},"schema":{"@context":"https:\/\/schema.org","@graph":[{"@type":"WebPage","@id":"https:\/\/futbolbezbarier.pl\/","url":"https:\/\/futbolbezbarier.pl\/","name":"Futbol Bez Barier - pi\u0142ka no\u017cna dla os\u00f3b z niepe\u0142nosprawno\u015bciami","isPartOf":{"@id":"https:\/\/futbolbezbarier.pl\/#website"},"primaryImageOfPage":{"@id":"https:\/\/futbolbezbarier.pl\/#primaryimage"},"image":{"@id":"https:\/\/futbolbezbarier.pl\/#primaryimage"},"thumbnailUrl":"https:\/\/futbolbezbarier.pl\/wp-content\/uploads\/2025\/01\/NBESCday1-141-scaled.jpg","datePublished":"2020-02-14T10:59:11+00:00","dateModified":"2026-04-20T19:13:51+00:00","description":"Futbol Bez Barier \u2013 rozgrywki pi\u0142karskie dla os\u00f3b z niepe\u0142nosprawno\u015bciami. Pi\u0142ka no\u017cna dla os\u00f3b niepe\u0142nosprawnych.","breadcrumb":{"@id":"https:\/\/futbolbezbarier.pl\/#breadcrumb"},"inLanguage":"pl-PL","potentialAction":[{"@type":"ReadAction","target":["https:\/\/futbolbezbarier.pl\/"]}]},{"@type":"ImageObject","inLanguage":"pl-PL","@id":"https:\/\/futbolbezbarier.pl\/#primaryimage","url":"https:\/\/futbolbezbarier.pl\/wp-content\/uploads\/2025\/01\/NBESCday1-141-scaled.jpg","contentUrl":"https:\/\/futbolbezbarier.pl\/wp-content\/uploads\/2025\/01\/NBESCday1-141-scaled.jpg","width":2560,"height":1920},{"@type":"BreadcrumbList","@id":"https:\/\/futbolbezbarier.pl\/#breadcrumb","itemListElement":[{"@type":"ListItem","position":1,"name":"Home","item":"https:\/\/futbolbezbarier.pl\/"},{"@type":"ListItem","position":2,"name":"FUTBOL BEZ BARIER"}]},{"@type":"WebSite","@id":"https:\/\/futbolbezbarier.pl\/#website","url":"https:\/\/futbolbezbarier.pl\/","name":"Futbol Bez Barier","description":"Pi\u0142ka no\u017cna dla os\u00f3b z niepe\u0142nosprawno\u015bciami","publisher":{"@id":"https:\/\/futbolbezbarier.pl\/#organization"},"potentialAction":[{"@type":"SearchAction","target":{"@type":"EntryPoint","urlTemplate":"https:\/\/futbolbezbarier.pl\/?s={search_term_string}"},"query-input":{"@type":"PropertyValueSpecification","valueRequired":true,"valueName":"search_term_string"}}],"inLanguage":"pl-PL"},{"@type":"Organization","@id":"https:\/\/futbolbezbarier.pl\/#organization","name":"Futbol Bez Barier","url":"https:\/\/futbolbezbarier.pl\/","logo":{"@type":"ImageObject","inLanguage":"pl-PL","@id":"https:\/\/futbolbezbarier.pl\/#\/schema\/logo\/image\/","url":"https:\/\/futbolbezbarier.pl\/wp-content\/uploads\/2025\/02\/Projekt-bez-nazwy-20.png","contentUrl":"https:\/\/futbolbezbarier.pl\/wp-content\/uploads\/2025\/02\/Projekt-bez-nazwy-20.png","width":940,"height":788,"caption":"Futbol Bez Barier"},"image":{"@id":"https:\/\/futbolbezbarier.pl\/#\/schema\/logo\/image\/"},"sameAs":["https:\/\/www.facebook.com\/FutbollBezBarier\/","https:\/\/www.youtube.com\/channel\/UCTKZn9TuPuanTWiCGnTRGGw"]}]}},"_links":{"self":[{"href":"https:\/\/futbolbezbarier.pl\/index.php\/wp-json\/wp\/v2\/pages\/129","targetHints":{"allow":["GET"]}}],"collection":[{"href":"https:\/\/futbolbezbarier.pl\/index.php\/wp-json\/wp\/v2\/pages"}],"about":[{"href":"https:\/\/futbolbezbarier.pl\/index.php\/wp-json\/wp\/v2\/types\/page"}],"author":[{"embeddable":true,"href":"https:\/\/futbolbezbarier.pl\/index.php\/wp-json\/wp\/v2\/users\/2"}],"replies":[{"embeddable":true,"href":"https:\/\/futbolbezbarier.pl\/index.php\/wp-json\/wp\/v2\/comments?post=129"}],"version-history":[{"count":147,"href":"https:\/\/futbolbezbarier.pl\/index.php\/wp-json\/wp\/v2\/pages\/129\/revisions"}],"predecessor-version":[{"id":2260,"href":"https:\/\/futbolbezbarier.pl\/index.php\/wp-json\/wp\/v2\/pages\/129\/revisions\/2260"}],"wp:featuredmedia":[{"embeddable":true,"href":"https:\/\/futbolbezbarier.pl\/index.php\/wp-json\/wp\/v2\/media\/1394"}],"wp:attachment":[{"href":"https:\/\/futbolbezbarier.pl\/index.php\/wp-json\/wp\/v2\/media?parent=129"}],"curies":[{"name":"wp","href":"https:\/\/api.w.org\/{rel}","templated":true}]}}