{"id":371,"date":"2024-12-17T18:09:02","date_gmt":"2024-12-17T17:09:02","guid":{"rendered":"https:\/\/wordpress1866517.home.pl\/autoinstalator\/wordpressplugins4\/?page_id=371"},"modified":"2025-01-29T22:24:55","modified_gmt":"2025-01-29T21:24:55","slug":"historia-nbes","status":"publish","type":"page","link":"https:\/\/futbolbezbarier.pl\/index.php\/nbcl\/historia-nbes\/","title":{"rendered":"HISTORIA ROZGRYWEK"},"content":{"rendered":"\n<h1 class=\"wp-block-heading has-text-align-center\" id=\"1\">no barriers european supercup<\/h1>\n\n\n\n<div class=\"wp-block-columns is-layout-flex wp-container-core-columns-is-layout-9d6595d7 wp-block-columns-is-layout-flex\">\n<div class=\"wp-block-column is-layout-flow wp-block-column-is-layout-flow\">\n<div class=\"wp-block-buttons is-content-justification-center is-layout-flex wp-container-core-buttons-is-layout-16018d1d wp-block-buttons-is-layout-flex\">\n<div class=\"wp-block-button\"><a class=\"wp-block-button__link wp-element-button\" href=\"#2023\">2023<\/a><\/div>\n<\/div>\n<\/div>\n\n\n\n<div class=\"wp-block-column is-layout-flow wp-block-column-is-layout-flow\">\n<div class=\"wp-block-buttons is-content-justification-center is-layout-flex wp-container-core-buttons-is-layout-16018d1d wp-block-buttons-is-layout-flex\">\n<div class=\"wp-block-button\"><a class=\"wp-block-button__link wp-element-button\" href=\"#rok2024\">2024<\/a><\/div>\n<\/div>\n<\/div>\n<\/div>\n\n\n\n<h2 class=\"wp-block-heading has-text-align-center\" id=\"rok2024\"><strong>No Barriers European SuperCup 2024<\/strong><\/h2>\n\n\n\n<p>W dniach <strong>25-29 wrze\u015bnia 2024<\/strong> powiat o\u0142awski sta\u0142 si\u0119 aren\u0105 mi\u0119dzynarodowej rywalizacji w ramach <strong>No Barriers European SuperCup<\/strong>. To wyj\u0105tkowe wydarzenie sportowe odby\u0142o si\u0119 na boiskach w <strong>O\u0142awie, Jelczu-Laskowicach oraz Bystrzycy<\/strong>, przyci\u0105gaj\u0105c najlepsze dru\u017cyny z ca\u0142ej Europy.<\/p>\n\n\n\n<h3 class=\"wp-block-heading has-text-align-center\"><strong>Mi\u0119dzynarodowe dru\u017cyny, wielkie emocje<\/strong><\/h3>\n\n\n\n<p>Do rywalizacji stan\u0119\u0142o <strong>osiem zespo\u0142\u00f3w<\/strong>, reprezentuj\u0105cych r\u00f3\u017cne kraje i style gry:<\/p>\n\n\n\n<div class=\"wp-block-columns is-layout-flex wp-container-core-columns-is-layout-9d6595d7 wp-block-columns-is-layout-flex\">\n<div class=\"wp-block-column is-layout-flow wp-block-column-is-layout-flow\">\n<div class=\"wp-block-columns is-layout-flex wp-container-core-columns-is-layout-9d6595d7 wp-block-columns-is-layout-flex\">\n<div class=\"wp-block-column is-layout-flow wp-block-column-is-layout-flow\"><div class=\"wp-block-image\">\n<figure class=\"aligncenter size-large\"><img fetchpriority=\"high\" decoding=\"async\" width=\"2560\" height=\"1440\" src=\"https:\/\/futbolbezbarier.pl\/wp-content\/uploads\/2025\/01\/NBESCday1-073-2-edited-scaled.jpg\" alt=\"\" class=\"wp-image-1410\" srcset=\"https:\/\/futbolbezbarier.pl\/wp-content\/uploads\/2025\/01\/NBESCday1-073-2-edited-scaled.jpg 2560w, https:\/\/futbolbezbarier.pl\/wp-content\/uploads\/2025\/01\/NBESCday1-073-2-edited-300x169.jpg 300w, https:\/\/futbolbezbarier.pl\/wp-content\/uploads\/2025\/01\/NBESCday1-073-2-edited-1024x576.jpg 1024w, https:\/\/futbolbezbarier.pl\/wp-content\/uploads\/2025\/01\/NBESCday1-073-2-edited-768x432.jpg 768w, https:\/\/futbolbezbarier.pl\/wp-content\/uploads\/2025\/01\/NBESCday1-073-2-edited-1536x864.jpg 1536w, https:\/\/futbolbezbarier.pl\/wp-content\/uploads\/2025\/01\/NBESCday1-073-2-edited-2048x1152.jpg 2048w\" sizes=\"(max-width: 2560px) 100vw, 2560px\" \/><figcaption class=\"wp-element-caption\"><strong>Fundaci\u00f3 FC Barcelona<\/strong> (Hiszpania)<\/figcaption><\/figure>\n<\/div><\/div>\n\n\n\n<div class=\"wp-block-column is-layout-flow wp-block-column-is-layout-flow\"><div class=\"wp-block-image\">\n<figure class=\"aligncenter size-large\"><img decoding=\"async\" width=\"1024\" height=\"576\" src=\"https:\/\/futbolbezbarier.pl\/wp-content\/uploads\/2025\/01\/NBESCday2-118-1-1024x576.jpg\" alt=\"\" class=\"wp-image-1402\" srcset=\"https:\/\/futbolbezbarier.pl\/wp-content\/uploads\/2025\/01\/NBESCday2-118-1-1024x576.jpg 1024w, https:\/\/futbolbezbarier.pl\/wp-content\/uploads\/2025\/01\/NBESCday2-118-1-300x169.jpg 300w, https:\/\/futbolbezbarier.pl\/wp-content\/uploads\/2025\/01\/NBESCday2-118-1-768x432.jpg 768w, https:\/\/futbolbezbarier.pl\/wp-content\/uploads\/2025\/01\/NBESCday2-118-1-1536x864.jpg 1536w, https:\/\/futbolbezbarier.pl\/wp-content\/uploads\/2025\/01\/NBESCday2-118-1-2048x1152.jpg 2048w\" sizes=\"(max-width: 1024px) 100vw, 1024px\" \/><figcaption class=\"wp-element-caption\"><strong>Reprezentacja Polski <\/strong><br><strong>Futbol Bez Barier<\/strong><\/figcaption><\/figure>\n<\/div><\/div>\n<\/div>\n<\/div>\n\n\n\n<div class=\"wp-block-column is-layout-flow wp-block-column-is-layout-flow\">\n<div class=\"wp-block-columns is-layout-flex wp-container-core-columns-is-layout-9d6595d7 wp-block-columns-is-layout-flex\">\n<div class=\"wp-block-column is-layout-flow wp-block-column-is-layout-flow\"><div class=\"wp-block-image\">\n<figure class=\"aligncenter size-large\"><img decoding=\"async\" width=\"2560\" height=\"1440\" src=\"https:\/\/futbolbezbarier.pl\/wp-content\/uploads\/2025\/01\/NBESCday2-079-1-edited-scaled.jpg\" alt=\"\" class=\"wp-image-1411\" srcset=\"https:\/\/futbolbezbarier.pl\/wp-content\/uploads\/2025\/01\/NBESCday2-079-1-edited-scaled.jpg 2560w, https:\/\/futbolbezbarier.pl\/wp-content\/uploads\/2025\/01\/NBESCday2-079-1-edited-300x169.jpg 300w, https:\/\/futbolbezbarier.pl\/wp-content\/uploads\/2025\/01\/NBESCday2-079-1-edited-1024x576.jpg 1024w, https:\/\/futbolbezbarier.pl\/wp-content\/uploads\/2025\/01\/NBESCday2-079-1-edited-768x432.jpg 768w, https:\/\/futbolbezbarier.pl\/wp-content\/uploads\/2025\/01\/NBESCday2-079-1-edited-1536x864.jpg 1536w, https:\/\/futbolbezbarier.pl\/wp-content\/uploads\/2025\/01\/NBESCday2-079-1-edited-2048x1152.jpg 2048w\" sizes=\"(max-width: 2560px) 100vw, 2560px\" \/><figcaption class=\"wp-element-caption\"><strong>Insuperabili<\/strong> <br>(W\u0142ochy)<\/figcaption><\/figure>\n<\/div><\/div>\n\n\n\n<div class=\"wp-block-column is-layout-flow wp-block-column-is-layout-flow\"><div class=\"wp-block-image\">\n<figure class=\"aligncenter size-large\"><img loading=\"lazy\" decoding=\"async\" width=\"1024\" height=\"576\" src=\"https:\/\/futbolbezbarier.pl\/wp-content\/uploads\/2025\/01\/NBESCday4-042-1024x576.jpg\" alt=\"\" class=\"wp-image-1404\" srcset=\"https:\/\/futbolbezbarier.pl\/wp-content\/uploads\/2025\/01\/NBESCday4-042-1024x576.jpg 1024w, https:\/\/futbolbezbarier.pl\/wp-content\/uploads\/2025\/01\/NBESCday4-042-300x169.jpg 300w, https:\/\/futbolbezbarier.pl\/wp-content\/uploads\/2025\/01\/NBESCday4-042-768x432.jpg 768w, https:\/\/futbolbezbarier.pl\/wp-content\/uploads\/2025\/01\/NBESCday4-042-1536x864.jpg 1536w, https:\/\/futbolbezbarier.pl\/wp-content\/uploads\/2025\/01\/NBESCday4-042-2048x1152.jpg 2048w\" sizes=\"(max-width: 1024px) 100vw, 1024px\" \/><figcaption class=\"wp-element-caption\"><strong>Pasjonormalni<\/strong><br>(Polska)<\/figcaption><\/figure>\n<\/div><\/div>\n<\/div>\n<\/div>\n<\/div>\n\n\n\n<div class=\"wp-block-columns is-layout-flex wp-container-core-columns-is-layout-9d6595d7 wp-block-columns-is-layout-flex\">\n<div class=\"wp-block-column is-layout-flow wp-block-column-is-layout-flow\">\n<div class=\"wp-block-columns is-layout-flex wp-container-core-columns-is-layout-9d6595d7 wp-block-columns-is-layout-flex\">\n<div class=\"wp-block-column is-layout-flow wp-block-column-is-layout-flow\"><div class=\"wp-block-image\">\n<figure class=\"aligncenter size-large\"><img loading=\"lazy\" decoding=\"async\" width=\"2560\" height=\"1440\" src=\"https:\/\/futbolbezbarier.pl\/wp-content\/uploads\/2025\/01\/NBESCday4-040-edited-scaled.jpg\" alt=\"\" class=\"wp-image-1412\" srcset=\"https:\/\/futbolbezbarier.pl\/wp-content\/uploads\/2025\/01\/NBESCday4-040-edited-scaled.jpg 2560w, https:\/\/futbolbezbarier.pl\/wp-content\/uploads\/2025\/01\/NBESCday4-040-edited-300x169.jpg 300w, https:\/\/futbolbezbarier.pl\/wp-content\/uploads\/2025\/01\/NBESCday4-040-edited-1024x576.jpg 1024w, https:\/\/futbolbezbarier.pl\/wp-content\/uploads\/2025\/01\/NBESCday4-040-edited-768x432.jpg 768w, https:\/\/futbolbezbarier.pl\/wp-content\/uploads\/2025\/01\/NBESCday4-040-edited-1536x864.jpg 1536w, https:\/\/futbolbezbarier.pl\/wp-content\/uploads\/2025\/01\/NBESCday4-040-edited-2048x1152.jpg 2048w\" sizes=\"(max-width: 2560px) 100vw, 2560px\" \/><figcaption class=\"wp-element-caption\"><strong>Sekcja Bez Barier <\/strong><br><strong>WKS \u015al\u0105sk Futsal Wroc\u0142aw<\/strong><\/figcaption><\/figure>\n<\/div><\/div>\n\n\n\n<div class=\"wp-block-column is-layout-flow wp-block-column-is-layout-flow\"><div class=\"wp-block-image\">\n<figure class=\"aligncenter size-large\"><img loading=\"lazy\" decoding=\"async\" width=\"1024\" height=\"576\" src=\"https:\/\/futbolbezbarier.pl\/wp-content\/uploads\/2025\/01\/NBESCday4-004-1024x576.jpg\" alt=\"\" class=\"wp-image-1407\" srcset=\"https:\/\/futbolbezbarier.pl\/wp-content\/uploads\/2025\/01\/NBESCday4-004-1024x576.jpg 1024w, https:\/\/futbolbezbarier.pl\/wp-content\/uploads\/2025\/01\/NBESCday4-004-300x169.jpg 300w, https:\/\/futbolbezbarier.pl\/wp-content\/uploads\/2025\/01\/NBESCday4-004-768x432.jpg 768w, https:\/\/futbolbezbarier.pl\/wp-content\/uploads\/2025\/01\/NBESCday4-004-1536x864.jpg 1536w, https:\/\/futbolbezbarier.pl\/wp-content\/uploads\/2025\/01\/NBESCday4-004-2048x1152.jpg 2048w\" sizes=\"(max-width: 1024px) 100vw, 1024px\" \/><figcaption class=\"wp-element-caption\"><strong>Special Olympics Ukraine<\/strong> (Ukraina)<\/figcaption><\/figure>\n<\/div><\/div>\n<\/div>\n<\/div>\n\n\n\n<div class=\"wp-block-column is-layout-flow wp-block-column-is-layout-flow\">\n<div class=\"wp-block-columns is-layout-flex wp-container-core-columns-is-layout-9d6595d7 wp-block-columns-is-layout-flex\">\n<div class=\"wp-block-column is-layout-flow wp-block-column-is-layout-flow\"><div class=\"wp-block-image\">\n<figure class=\"aligncenter size-large\"><img loading=\"lazy\" decoding=\"async\" width=\"2560\" height=\"1440\" src=\"https:\/\/futbolbezbarier.pl\/wp-content\/uploads\/2025\/01\/NBESCday4-087-edited-scaled.jpg\" alt=\"\" class=\"wp-image-1413\" srcset=\"https:\/\/futbolbezbarier.pl\/wp-content\/uploads\/2025\/01\/NBESCday4-087-edited-scaled.jpg 2560w, https:\/\/futbolbezbarier.pl\/wp-content\/uploads\/2025\/01\/NBESCday4-087-edited-300x169.jpg 300w, https:\/\/futbolbezbarier.pl\/wp-content\/uploads\/2025\/01\/NBESCday4-087-edited-1024x576.jpg 1024w, https:\/\/futbolbezbarier.pl\/wp-content\/uploads\/2025\/01\/NBESCday4-087-edited-768x432.jpg 768w, https:\/\/futbolbezbarier.pl\/wp-content\/uploads\/2025\/01\/NBESCday4-087-edited-1536x864.jpg 1536w, https:\/\/futbolbezbarier.pl\/wp-content\/uploads\/2025\/01\/NBESCday4-087-edited-2048x1152.jpg 2048w\" sizes=\"(max-width: 2560px) 100vw, 2560px\" \/><figcaption class=\"wp-element-caption\"><strong>Kautech LT Kaunas<\/strong> <br>(Litwa)<\/figcaption><\/figure>\n<\/div><\/div>\n\n\n\n<div class=\"wp-block-column is-layout-flow wp-block-column-is-layout-flow\"><div class=\"wp-block-image\">\n<figure class=\"aligncenter size-large\"><img loading=\"lazy\" decoding=\"async\" width=\"1024\" height=\"576\" src=\"https:\/\/futbolbezbarier.pl\/wp-content\/uploads\/2025\/01\/NBESCday1-222-1-1024x576.jpg\" alt=\"\" class=\"wp-image-1409\" srcset=\"https:\/\/futbolbezbarier.pl\/wp-content\/uploads\/2025\/01\/NBESCday1-222-1-1024x576.jpg 1024w, https:\/\/futbolbezbarier.pl\/wp-content\/uploads\/2025\/01\/NBESCday1-222-1-300x169.jpg 300w, https:\/\/futbolbezbarier.pl\/wp-content\/uploads\/2025\/01\/NBESCday1-222-1-768x432.jpg 768w, https:\/\/futbolbezbarier.pl\/wp-content\/uploads\/2025\/01\/NBESCday1-222-1-1536x864.jpg 1536w, https:\/\/futbolbezbarier.pl\/wp-content\/uploads\/2025\/01\/NBESCday1-222-1-2048x1152.jpg 2048w\" sizes=\"(max-width: 1024px) 100vw, 1024px\" \/><figcaption class=\"wp-element-caption\"><strong>Harburger TB<\/strong> <br>(Niemcy)<\/figcaption><\/figure>\n<\/div><\/div>\n<\/div>\n<\/div>\n<\/div>\n\n\n\n<p class=\"has-text-align-left\">Rozgrywki rozpocz\u0119\u0142y si\u0119 od fazy grupowej, po kt\u00f3rej najlepsze dru\u017cyny awansowa\u0142y do p\u00f3\u0142fina\u0142\u00f3w i fina\u0142u.<\/p>\n\n\n\n<h3 class=\"wp-block-heading has-text-align-center\"><strong>Fina\u0142 pe\u0142en emocji<\/strong><\/h3>\n\n\n\n<p>Wielki fina\u0142 odby\u0142 si\u0119 <strong>29 wrze\u015bnia<\/strong> na boisku <strong>O\u0142awskiego Centrum Kultury Fizycznej<\/strong>. Ostateczne rozstrzygni\u0119cia wygl\u0105da\u0142y nast\u0119puj\u0105co:<\/p>\n\n\n\n<p>\ud83e\udd49 <strong>3. miejsce:<\/strong> Insuperabili (W\u0142ochy) \ud83c\udd9a Kautech LT Kaunas (Litwa) \u2013 zwyci\u0119stwo Insuperabili<br>\ud83e\udd48 <strong>2. miejsce:<\/strong> Fundaci\u00f3 FC Barcelona \u2013 pokazali fantastyczn\u0105 gr\u0119 i ducha walki<br>\ud83e\udd47 <strong>1. miejsce:<\/strong> <strong>Reprezentacja Polski Futsal Bez Barier<\/strong> \ud83c\uddf5\ud83c\uddf1 \u2013 niepokonani mistrzowie turnieju!<\/p>\n\n\n<div class=\"wp-block-image\">\n<figure class=\"aligncenter size-large\"><img loading=\"lazy\" decoding=\"async\" width=\"1024\" height=\"681\" src=\"https:\/\/futbolbezbarier.pl\/wp-content\/uploads\/2025\/01\/NBESCday5-130-1-1024x681.jpg\" alt=\"\" class=\"wp-image-1398\" srcset=\"https:\/\/futbolbezbarier.pl\/wp-content\/uploads\/2025\/01\/NBESCday5-130-1-1024x681.jpg 1024w, https:\/\/futbolbezbarier.pl\/wp-content\/uploads\/2025\/01\/NBESCday5-130-1-300x200.jpg 300w, https:\/\/futbolbezbarier.pl\/wp-content\/uploads\/2025\/01\/NBESCday5-130-1-768x511.jpg 768w, https:\/\/futbolbezbarier.pl\/wp-content\/uploads\/2025\/01\/NBESCday5-130-1-1536x1022.jpg 1536w, https:\/\/futbolbezbarier.pl\/wp-content\/uploads\/2025\/01\/NBESCday5-130-1-2048x1363.jpg 2048w\" sizes=\"(max-width: 1024px) 100vw, 1024px\" \/><\/figure>\n<\/div>\n\n\n<h3 class=\"wp-block-heading has-text-align-center\"><strong>Nie tylko sport \u2013 atrakcje dla zawodnik\u00f3w<\/strong><\/h3>\n\n\n\n<p>Turniej No Barriers European SuperCup to nie tylko sportowa rywalizacja, ale tak\u017ce integracja i wsp\u00f3lna zabawa. Podczas wydarzenia uczestnicy mogli skorzysta\u0107 z licznych atrakcji i aktywno\u015bci, kt\u00f3re dostarczy\u0142y im wielu niezapomnianych wra\u017ce\u0144.<\/p>\n\n\n\n<p>No Barriers European SuperCup to znacznie wi\u0119cej ni\u017c turniej futbolu. Opr\u00f3cz sportowych emocji, uczestnicy mieli okazj\u0119 do <strong>integracji i wsp\u00f3lnego odkrywania Dolnego \u015al\u0105ska<\/strong>.<\/p>\n\n\n\n<p>\ud83d\udd39 <strong>Milicz \u2013 Centrum Futbolu Bez Barier<\/strong><br>Jeszcze przed rozpocz\u0119ciem turnieju zawodnicy odwiedzili <strong>Milicz<\/strong>, gdzie niedawno powsta\u0142o <strong>Centrum Futbolu Bez Barier<\/strong>. By\u0142a to \u015bwietna okazja do integracji, wsp\u00f3lnego posi\u0142ku i kr\u00f3tkiej rozgrzewki. Uczestnicy mieli r\u00f3wnie\u017c szans\u0119 na <strong>zwiedzanie malowniczych Staw\u00f3w Milickich<\/strong>, co by\u0142o doskona\u0142ym wst\u0119pem do sportowych emocji.<\/p>\n\n\n<div class=\"wp-block-image\">\n<figure class=\"aligncenter size-large\"><img loading=\"lazy\" decoding=\"async\" width=\"1024\" height=\"576\" src=\"https:\/\/futbolbezbarier.pl\/wp-content\/uploads\/2025\/01\/P9020568-1024x576.jpg\" alt=\"\" class=\"wp-image-1399\" srcset=\"https:\/\/futbolbezbarier.pl\/wp-content\/uploads\/2025\/01\/P9020568-1024x576.jpg 1024w, https:\/\/futbolbezbarier.pl\/wp-content\/uploads\/2025\/01\/P9020568-300x169.jpg 300w, https:\/\/futbolbezbarier.pl\/wp-content\/uploads\/2025\/01\/P9020568-768x432.jpg 768w, https:\/\/futbolbezbarier.pl\/wp-content\/uploads\/2025\/01\/P9020568-1536x864.jpg 1536w, https:\/\/futbolbezbarier.pl\/wp-content\/uploads\/2025\/01\/P9020568.jpg 1920w\" sizes=\"(max-width: 1024px) 100vw, 1024px\" \/><\/figure>\n<\/div>\n\n\n<p>\ud83d\udd39 <strong>Zwiedzanie Wroc\u0142awia<\/strong><br>W trakcie pobytu w Polsce zawodnicy odwiedzili tak\u017ce <strong>Wroc\u0142aw<\/strong> \u2013 jedno z najpi\u0119kniejszych miast w kraju. Spacer po Rynku, spotkanie z wroc\u0142awskimi krasnalami oraz podziwianie historycznej architektury dostarczy\u0142y wielu niezapomnianych wra\u017ce\u0144.<\/p>\n\n\n\n<p>\ud83d\udd39 <strong>Paintball i wsp\u00f3lna zabawa<\/strong><br>Sportowa rywalizacja to jedno, ale nie zabrak\u0142o tak\u017ce <strong>adrenaliny i dobrej zabawy poza boiskiem<\/strong>! Uczestnicy turnieju mieli okazj\u0119 sprawdzi\u0107 swoje umiej\u0119tno\u015bci w <strong>paintballu<\/strong>, co przynios\u0142o mn\u00f3stwo \u015bmiechu, emocji i wzmocni\u0142o ducha zespo\u0142owego.<\/p>\n\n\n<div class=\"wp-block-image\">\n<figure class=\"aligncenter size-large\"><img loading=\"lazy\" decoding=\"async\" width=\"1024\" height=\"681\" src=\"https:\/\/futbolbezbarier.pl\/wp-content\/uploads\/2025\/01\/NBESCday1-271-1024x681.jpg\" alt=\"\" class=\"wp-image-1400\" srcset=\"https:\/\/futbolbezbarier.pl\/wp-content\/uploads\/2025\/01\/NBESCday1-271-1024x681.jpg 1024w, https:\/\/futbolbezbarier.pl\/wp-content\/uploads\/2025\/01\/NBESCday1-271-300x200.jpg 300w, https:\/\/futbolbezbarier.pl\/wp-content\/uploads\/2025\/01\/NBESCday1-271-768x511.jpg 768w, https:\/\/futbolbezbarier.pl\/wp-content\/uploads\/2025\/01\/NBESCday1-271-1536x1022.jpg 1536w, https:\/\/futbolbezbarier.pl\/wp-content\/uploads\/2025\/01\/NBESCday1-271-2048x1363.jpg 2048w\" sizes=\"(max-width: 1024px) 100vw, 1024px\" \/><\/figure>\n<\/div>\n\n\n<h3 class=\"wp-block-heading has-text-align-center\"><strong>Podsumowanie<\/strong><\/h3>\n\n\n\n<p>No Barriers European SuperCup 2024 to dow\u00f3d na to, \u017ce futsal <strong>\u0142\u0105czy ludzi bez wzgl\u0119du na bariery<\/strong>. Wspania\u0142a organizacja, wysoki poziom sportowy i niesamowite emocje sprawi\u0142y, \u017ce ten turniej na d\u0142ugo pozostanie w pami\u0119ci zawodnik\u00f3w i kibic\u00f3w.<\/p>\n\n\n\n<p><strong>Dzi\u0119kujemy wszystkim dru\u017cynom, organizatorom i kibicom za to niezwyk\u0142e wydarzenie!<\/strong> Do zobaczenia w kolejnej edycji! \ud83c\udf89\u26bd<\/p>\n\n\n\n<div class=\"wp-block-group\"><div class=\"wp-block-group__inner-container is-layout-flow wp-block-group-is-layout-flow\">\n<figure class=\"wp-block-gallery has-nested-images columns-4 is-cropped wp-block-gallery-1 is-layout-flex wp-block-gallery-is-layout-flex\">\n<figure class=\"wp-block-image size-large\"><img loading=\"lazy\" decoding=\"async\" width=\"1024\" height=\"768\" data-id=\"1391\" src=\"https:\/\/futbolbezbarier.pl\/wp-content\/uploads\/2025\/01\/NBESCday5-159-1024x768.jpg\" alt=\"\" class=\"wp-image-1391\" srcset=\"https:\/\/futbolbezbarier.pl\/wp-content\/uploads\/2025\/01\/NBESCday5-159-1024x768.jpg 1024w, https:\/\/futbolbezbarier.pl\/wp-content\/uploads\/2025\/01\/NBESCday5-159-300x225.jpg 300w, https:\/\/futbolbezbarier.pl\/wp-content\/uploads\/2025\/01\/NBESCday5-159-768x576.jpg 768w, https:\/\/futbolbezbarier.pl\/wp-content\/uploads\/2025\/01\/NBESCday5-159-1536x1152.jpg 1536w, https:\/\/futbolbezbarier.pl\/wp-content\/uploads\/2025\/01\/NBESCday5-159-2048x1536.jpg 2048w\" sizes=\"(max-width: 1024px) 100vw, 1024px\" \/><\/figure>\n\n\n\n<figure class=\"wp-block-image size-large\"><img loading=\"lazy\" decoding=\"async\" width=\"1024\" height=\"768\" data-id=\"1394\" src=\"https:\/\/futbolbezbarier.pl\/wp-content\/uploads\/2025\/01\/NBESCday1-141-1024x768.jpg\" alt=\"\" class=\"wp-image-1394\" srcset=\"https:\/\/futbolbezbarier.pl\/wp-content\/uploads\/2025\/01\/NBESCday1-141-1024x768.jpg 1024w, https:\/\/futbolbezbarier.pl\/wp-content\/uploads\/2025\/01\/NBESCday1-141-300x225.jpg 300w, https:\/\/futbolbezbarier.pl\/wp-content\/uploads\/2025\/01\/NBESCday1-141-768x576.jpg 768w, https:\/\/futbolbezbarier.pl\/wp-content\/uploads\/2025\/01\/NBESCday1-141-1536x1152.jpg 1536w, https:\/\/futbolbezbarier.pl\/wp-content\/uploads\/2025\/01\/NBESCday1-141-2048x1536.jpg 2048w\" sizes=\"(max-width: 1024px) 100vw, 1024px\" \/><\/figure>\n\n\n\n<figure class=\"wp-block-image size-large\"><img decoding=\"async\" data-id=\"1388\" src=\"https:\/\/futbolbezbarier.pl\/wp-content\/uploads\/2025\/01\/NBESCday4-143-1-1024x768.jpg\" alt=\"\" class=\"wp-image-1388\"\/><\/figure>\n\n\n\n<figure class=\"wp-block-image size-large\"><img loading=\"lazy\" decoding=\"async\" width=\"1024\" height=\"768\" data-id=\"1395\" src=\"https:\/\/futbolbezbarier.pl\/wp-content\/uploads\/2025\/01\/NBESCday1-224-1024x768.jpg\" alt=\"\" class=\"wp-image-1395\" srcset=\"https:\/\/futbolbezbarier.pl\/wp-content\/uploads\/2025\/01\/NBESCday1-224-1024x768.jpg 1024w, https:\/\/futbolbezbarier.pl\/wp-content\/uploads\/2025\/01\/NBESCday1-224-300x225.jpg 300w, https:\/\/futbolbezbarier.pl\/wp-content\/uploads\/2025\/01\/NBESCday1-224-768x576.jpg 768w, https:\/\/futbolbezbarier.pl\/wp-content\/uploads\/2025\/01\/NBESCday1-224-1536x1152.jpg 1536w, https:\/\/futbolbezbarier.pl\/wp-content\/uploads\/2025\/01\/NBESCday1-224-2048x1536.jpg 2048w\" sizes=\"(max-width: 1024px) 100vw, 1024px\" \/><\/figure>\n\n\n\n<figure class=\"wp-block-image size-large\"><img loading=\"lazy\" decoding=\"async\" width=\"1024\" height=\"768\" data-id=\"1383\" src=\"https:\/\/futbolbezbarier.pl\/wp-content\/uploads\/2025\/01\/NBESCday2-029-1-1024x768.jpg\" alt=\"\" class=\"wp-image-1383\" srcset=\"https:\/\/futbolbezbarier.pl\/wp-content\/uploads\/2025\/01\/NBESCday2-029-1-1024x768.jpg 1024w, https:\/\/futbolbezbarier.pl\/wp-content\/uploads\/2025\/01\/NBESCday2-029-1-300x225.jpg 300w, https:\/\/futbolbezbarier.pl\/wp-content\/uploads\/2025\/01\/NBESCday2-029-1-768x576.jpg 768w, https:\/\/futbolbezbarier.pl\/wp-content\/uploads\/2025\/01\/NBESCday2-029-1-1536x1152.jpg 1536w, https:\/\/futbolbezbarier.pl\/wp-content\/uploads\/2025\/01\/NBESCday2-029-1-2048x1536.jpg 2048w\" sizes=\"(max-width: 1024px) 100vw, 1024px\" \/><\/figure>\n\n\n\n<figure class=\"wp-block-image size-large\"><img loading=\"lazy\" decoding=\"async\" width=\"1024\" height=\"768\" data-id=\"1387\" src=\"https:\/\/futbolbezbarier.pl\/wp-content\/uploads\/2025\/01\/NBESCday4-133-1024x768.jpg\" alt=\"\" class=\"wp-image-1387\" srcset=\"https:\/\/futbolbezbarier.pl\/wp-content\/uploads\/2025\/01\/NBESCday4-133-1024x768.jpg 1024w, https:\/\/futbolbezbarier.pl\/wp-content\/uploads\/2025\/01\/NBESCday4-133-300x225.jpg 300w, https:\/\/futbolbezbarier.pl\/wp-content\/uploads\/2025\/01\/NBESCday4-133-768x576.jpg 768w, https:\/\/futbolbezbarier.pl\/wp-content\/uploads\/2025\/01\/NBESCday4-133-1536x1152.jpg 1536w, https:\/\/futbolbezbarier.pl\/wp-content\/uploads\/2025\/01\/NBESCday4-133-2048x1536.jpg 2048w\" sizes=\"(max-width: 1024px) 100vw, 1024px\" \/><\/figure>\n\n\n\n<figure class=\"wp-block-image size-large\"><img loading=\"lazy\" decoding=\"async\" width=\"1024\" height=\"768\" data-id=\"1392\" src=\"https:\/\/futbolbezbarier.pl\/wp-content\/uploads\/2025\/01\/NBESCday1-057-1-1024x768.jpg\" alt=\"\" class=\"wp-image-1392\" srcset=\"https:\/\/futbolbezbarier.pl\/wp-content\/uploads\/2025\/01\/NBESCday1-057-1-1024x768.jpg 1024w, https:\/\/futbolbezbarier.pl\/wp-content\/uploads\/2025\/01\/NBESCday1-057-1-300x225.jpg 300w, https:\/\/futbolbezbarier.pl\/wp-content\/uploads\/2025\/01\/NBESCday1-057-1-768x576.jpg 768w, https:\/\/futbolbezbarier.pl\/wp-content\/uploads\/2025\/01\/NBESCday1-057-1-1536x1152.jpg 1536w, https:\/\/futbolbezbarier.pl\/wp-content\/uploads\/2025\/01\/NBESCday1-057-1-2048x1536.jpg 2048w\" sizes=\"(max-width: 1024px) 100vw, 1024px\" \/><\/figure>\n<\/figure>\n<\/div><\/div>\n\n\n\n<p><a href=\"#1\">powr\u00f3t na g\u00f3r\u0119<\/a><\/p>\n\n\n\n<hr class=\"wp-block-separator has-alpha-channel-opacity\"\/>\n\n\n\n<h2 class=\"wp-block-heading has-text-align-center\" id=\"rok2023\">NO BARRIERS EUROPEAN SUPERCUP 2023<\/h2>\n\n\n\n<h3 class=\"wp-block-heading has-text-align-center\"><strong>Podsumowanie No Barriers European Super Cup \u2013 Pierwsza Edycja<\/strong><\/h3>\n\n\n\n<p>Pierwsza edycja turnieju <strong>No Barriers European Super Cup<\/strong> zapisa\u0142a si\u0119 na kartach historii jako wyj\u0105tkowe wydarzenie sportowe, kt\u00f3re po\u0142\u0105czy\u0142o mi\u0119dzynarodowe dru\u017cyny i promowa\u0142o ide\u0119 sportu bez barier. Odby\u0142a si\u0119 na obiektach <strong>OSiR W\u0142ochy w Warszawie<\/strong>, gdzie go\u015bcili\u015bmy zawodnik\u00f3w z czterech zespo\u0142\u00f3w, w tym z presti\u017cowych organizacji sportowych.<\/p>\n\n\n\n<p>Najwi\u0119kszym wyr\u00f3\u017cnieniem dla nas by\u0142a obecno\u015b\u0107 <strong>Fundacji FC Barcelona<\/strong>, kt\u00f3ra po raz pierwszy w Polsce wzi\u0119\u0142a udzia\u0142 w wydarzeniu tego typu. Obok Bar\u00e7y na boisku stan\u0119li zawodnicy w\u0142oskiego klubu <strong>Insuperabili<\/strong> \u2013 najwi\u0119kszej dru\u017cyny pi\u0142karskiej dla os\u00f3b z niepe\u0142nosprawno\u015bciami we W\u0142oszech \u2013 oraz reprezentanci <strong>Olimpiad Specjalnych z Ukrainy<\/strong>. Polsk\u0119 reprezentowa\u0142a dru\u017cyna sk\u0142adaj\u0105ca si\u0119 z zawodnik\u00f3w <strong>Ekstraklasy Futsalu Bez Barier<\/strong>, kt\u00f3rzy godnie bronili barw naszego kraju.<\/p>\n\n\n\n<figure class=\"wp-block-embed is-type-video is-provider-youtube wp-block-embed-youtube wp-embed-aspect-16-9 wp-has-aspect-ratio\"><div class=\"wp-block-embed__wrapper\">\n<div class=\"nv-iframe-embed\"><iframe title=\"Reprezentacja Polski FutsalBezBarier - FUNDACI\u00d3 FC BARCELONA\" width=\"1200\" height=\"675\" src=\"https:\/\/www.youtube.com\/embed\/CPnK3K627i8?feature=oembed\" frameborder=\"0\" allow=\"accelerometer; autoplay; clipboard-write; encrypted-media; gyroscope; picture-in-picture; web-share\" referrerpolicy=\"strict-origin-when-cross-origin\" allowfullscreen><\/iframe><\/div>\n<\/div><\/figure>\n\n\n\n<h3 class=\"wp-block-heading has-text-align-center\"><strong>Emocjonuj\u0105ce Rozgrywki i Integracja<\/strong><\/h3>\n\n\n\n<p>Na boisku nie zabrak\u0142o emocji, rywalizacji i ducha fair play. Po zaci\u0119tych meczach zwyci\u0119zcami turnieju zosta\u0142a ekipa <strong>Insuperabili<\/strong>, za nimi uplasowa\u0142a si\u0119 dru\u017cyna z Polski, a trzecie i czwarte miejsce zaj\u0119\u0142y odpowiednio <strong>Fundacja FC Barcelona<\/strong> oraz <strong>Olimpiady Specjalne z Ukrainy<\/strong>.<\/p>\n\n\n\n<p>Turniej to jednak nie tylko sportowe zmagania. W programie znalaz\u0142y si\u0119 liczne wydarzenia towarzysz\u0105ce, kt\u00f3re podkre\u015bla\u0142y integracyjny charakter imprezy. Zawodnicy mieli okazj\u0119 pozna\u0107 uroki stolicy Polski, a tak\u017ce wzi\u0105\u0107 udzia\u0142 w treningach integracyjnych. Niezapomnianym momentem by\u0142 <strong>mecz gwiazd<\/strong>, w kt\u00f3rym na boisku pojawili si\u0119 reprezentanci polskich dziennikarzy oraz byli kadrowicze, m.in. <strong>Dariusz Dziekanowski<\/strong>, <strong>Rados\u0142aw Majdan<\/strong> i <strong>Tomasz K\u0142os<\/strong>. W\u015br\u00f3d honorowych go\u015bci oraz ambasador\u00f3w wydarzenia znale\u017ali si\u0119 tak\u017ce <strong>Mariusz Pawelec<\/strong> i <strong>Andrzej Strejlau<\/strong>.<\/p>\n\n\n\n<h3 class=\"wp-block-heading has-text-align-center\"><strong>Pierwszy Krok ku Przysz\u0142o\u015bci<\/strong><\/h3>\n\n\n\n<p>Dla naszej organizacji by\u0142 to pierwszy turniej tego formatu \u2013 do\u015bwiadczenie, kt\u00f3re dostarczy\u0142o nam nie tylko niezapomnianych chwil, ale r\u00f3wnie\u017c cennych lekcji i inspiracji na przysz\u0142o\u015b\u0107. Dzi\u0119ki zdobytym wnioskom kolejna edycja by\u0142a jeszcze lepsza.<\/p>\n\n\n\n<p>Dzi\u0119kujemy wszystkim dru\u017cynom, go\u015bciom i kibicom, kt\u00f3rzy uczynili to wydarzenie wyj\u0105tkowym. <strong>No Barriers European Super Cup<\/strong> to dla nas nie tylko sport, ale przede wszystkim idea \u0142\u0105czenia ludzi, pokonywania barier i tworzenia wsp\u00f3lnoty.<\/p>\n\n\n\n<p>Ju\u017c teraz z niecierpliwo\u015bci\u0105 czekamy na kolejne edycje!<\/p>\n\n\n\n<div class=\"wp-block-group\"><div class=\"wp-block-group__inner-container is-layout-flow wp-block-group-is-layout-flow\">\n<figure class=\"wp-block-gallery has-nested-images columns-4 is-cropped wp-block-gallery-2 is-layout-flex wp-block-gallery-is-layout-flex\">\n<figure class=\"wp-block-image size-large\"><img loading=\"lazy\" decoding=\"async\" width=\"1024\" height=\"683\" data-id=\"1120\" src=\"https:\/\/futbolbezbarier.pl\/wp-content\/uploads\/2025\/01\/FOL_8710-1024x683.jpg\" alt=\"\" class=\"wp-image-1120\" srcset=\"https:\/\/futbolbezbarier.pl\/wp-content\/uploads\/2025\/01\/FOL_8710-1024x683.jpg 1024w, https:\/\/futbolbezbarier.pl\/wp-content\/uploads\/2025\/01\/FOL_8710-300x200.jpg 300w, https:\/\/futbolbezbarier.pl\/wp-content\/uploads\/2025\/01\/FOL_8710-768x512.jpg 768w, https:\/\/futbolbezbarier.pl\/wp-content\/uploads\/2025\/01\/FOL_8710-1536x1024.jpg 1536w, https:\/\/futbolbezbarier.pl\/wp-content\/uploads\/2025\/01\/FOL_8710-930x620.jpg 930w, https:\/\/futbolbezbarier.pl\/wp-content\/uploads\/2025\/01\/FOL_8710.jpg 2048w\" sizes=\"(max-width: 1024px) 100vw, 1024px\" \/><\/figure>\n\n\n\n<figure class=\"wp-block-image size-large\"><img loading=\"lazy\" decoding=\"async\" width=\"1024\" height=\"683\" data-id=\"1119\" src=\"https:\/\/futbolbezbarier.pl\/wp-content\/uploads\/2025\/01\/FOL_8773-1024x683.jpg\" alt=\"\" class=\"wp-image-1119\" srcset=\"https:\/\/futbolbezbarier.pl\/wp-content\/uploads\/2025\/01\/FOL_8773-1024x683.jpg 1024w, https:\/\/futbolbezbarier.pl\/wp-content\/uploads\/2025\/01\/FOL_8773-300x200.jpg 300w, https:\/\/futbolbezbarier.pl\/wp-content\/uploads\/2025\/01\/FOL_8773-768x512.jpg 768w, https:\/\/futbolbezbarier.pl\/wp-content\/uploads\/2025\/01\/FOL_8773-1536x1024.jpg 1536w, https:\/\/futbolbezbarier.pl\/wp-content\/uploads\/2025\/01\/FOL_8773-930x620.jpg 930w, https:\/\/futbolbezbarier.pl\/wp-content\/uploads\/2025\/01\/FOL_8773.jpg 2048w\" sizes=\"(max-width: 1024px) 100vw, 1024px\" \/><\/figure>\n\n\n\n<figure class=\"wp-block-image size-large\"><img loading=\"lazy\" decoding=\"async\" width=\"1024\" height=\"683\" data-id=\"1117\" src=\"https:\/\/futbolbezbarier.pl\/wp-content\/uploads\/2025\/01\/FOL_9484-1024x683.jpg\" alt=\"\" class=\"wp-image-1117\" srcset=\"https:\/\/futbolbezbarier.pl\/wp-content\/uploads\/2025\/01\/FOL_9484-1024x683.jpg 1024w, https:\/\/futbolbezbarier.pl\/wp-content\/uploads\/2025\/01\/FOL_9484-300x200.jpg 300w, https:\/\/futbolbezbarier.pl\/wp-content\/uploads\/2025\/01\/FOL_9484-768x512.jpg 768w, https:\/\/futbolbezbarier.pl\/wp-content\/uploads\/2025\/01\/FOL_9484-1536x1024.jpg 1536w, https:\/\/futbolbezbarier.pl\/wp-content\/uploads\/2025\/01\/FOL_9484-930x620.jpg 930w, https:\/\/futbolbezbarier.pl\/wp-content\/uploads\/2025\/01\/FOL_9484.jpg 2048w\" sizes=\"(max-width: 1024px) 100vw, 1024px\" \/><\/figure>\n\n\n\n<figure class=\"wp-block-image size-large\"><img loading=\"lazy\" decoding=\"async\" width=\"1024\" height=\"683\" data-id=\"1118\" src=\"https:\/\/futbolbezbarier.pl\/wp-content\/uploads\/2025\/01\/FOL_9156-1024x683.jpg\" alt=\"\" class=\"wp-image-1118\" srcset=\"https:\/\/futbolbezbarier.pl\/wp-content\/uploads\/2025\/01\/FOL_9156-1024x683.jpg 1024w, https:\/\/futbolbezbarier.pl\/wp-content\/uploads\/2025\/01\/FOL_9156-300x200.jpg 300w, https:\/\/futbolbezbarier.pl\/wp-content\/uploads\/2025\/01\/FOL_9156-768x512.jpg 768w, https:\/\/futbolbezbarier.pl\/wp-content\/uploads\/2025\/01\/FOL_9156-1536x1024.jpg 1536w, https:\/\/futbolbezbarier.pl\/wp-content\/uploads\/2025\/01\/FOL_9156-930x620.jpg 930w, https:\/\/futbolbezbarier.pl\/wp-content\/uploads\/2025\/01\/FOL_9156.jpg 2048w\" sizes=\"(max-width: 1024px) 100vw, 1024px\" \/><\/figure>\n\n\n\n<figure class=\"wp-block-image size-large\"><img loading=\"lazy\" decoding=\"async\" width=\"965\" height=\"1024\" data-id=\"1114\" src=\"https:\/\/futbolbezbarier.pl\/wp-content\/uploads\/2025\/01\/FOL_9504-e1737573324591-965x1024.jpg\" alt=\"\" class=\"wp-image-1114\" srcset=\"https:\/\/futbolbezbarier.pl\/wp-content\/uploads\/2025\/01\/FOL_9504-e1737573324591-965x1024.jpg 965w, https:\/\/futbolbezbarier.pl\/wp-content\/uploads\/2025\/01\/FOL_9504-e1737573324591-283x300.jpg 283w, https:\/\/futbolbezbarier.pl\/wp-content\/uploads\/2025\/01\/FOL_9504-e1737573324591-768x815.jpg 768w, https:\/\/futbolbezbarier.pl\/wp-content\/uploads\/2025\/01\/FOL_9504-e1737573324591.jpg 1287w\" sizes=\"(max-width: 965px) 100vw, 965px\" \/><\/figure>\n\n\n\n<figure class=\"wp-block-image size-large\"><img loading=\"lazy\" decoding=\"async\" width=\"724\" height=\"1024\" data-id=\"1113\" src=\"https:\/\/futbolbezbarier.pl\/wp-content\/uploads\/2025\/01\/408831926_870066681787961_3195695188966887381_n-724x1024.jpg\" alt=\"\" class=\"wp-image-1113\" srcset=\"https:\/\/futbolbezbarier.pl\/wp-content\/uploads\/2025\/01\/408831926_870066681787961_3195695188966887381_n-724x1024.jpg 724w, https:\/\/futbolbezbarier.pl\/wp-content\/uploads\/2025\/01\/408831926_870066681787961_3195695188966887381_n-212x300.jpg 212w, https:\/\/futbolbezbarier.pl\/wp-content\/uploads\/2025\/01\/408831926_870066681787961_3195695188966887381_n-768x1086.jpg 768w, https:\/\/futbolbezbarier.pl\/wp-content\/uploads\/2025\/01\/408831926_870066681787961_3195695188966887381_n-1086x1536.jpg 1086w, https:\/\/futbolbezbarier.pl\/wp-content\/uploads\/2025\/01\/408831926_870066681787961_3195695188966887381_n.jpg 1448w\" sizes=\"(max-width: 724px) 100vw, 724px\" \/><\/figure>\n\n\n\n<figure class=\"wp-block-image size-large\"><img loading=\"lazy\" decoding=\"async\" width=\"899\" height=\"1024\" data-id=\"1115\" src=\"https:\/\/futbolbezbarier.pl\/wp-content\/uploads\/2025\/01\/FOL_8774-e1737573403664-899x1024.jpg\" alt=\"\" class=\"wp-image-1115\" srcset=\"https:\/\/futbolbezbarier.pl\/wp-content\/uploads\/2025\/01\/FOL_8774-e1737573403664-899x1024.jpg 899w, https:\/\/futbolbezbarier.pl\/wp-content\/uploads\/2025\/01\/FOL_8774-e1737573403664-263x300.jpg 263w, https:\/\/futbolbezbarier.pl\/wp-content\/uploads\/2025\/01\/FOL_8774-e1737573403664-768x875.jpg 768w, https:\/\/futbolbezbarier.pl\/wp-content\/uploads\/2025\/01\/FOL_8774-e1737573403664.jpg 1198w\" sizes=\"(max-width: 899px) 100vw, 899px\" \/><\/figure>\n<\/figure>\n<\/div><\/div>\n\n\n\n<p class=\"has-text-align-center\">Chcesz obejrze\u0107 skr\u00f3ty wszystkich spotka\u0144? <\/p>\n\n\n\n<figure class=\"wp-block-embed is-type-video is-provider-youtube wp-block-embed-youtube wp-embed-aspect-16-9 wp-has-aspect-ratio\"><div class=\"wp-block-embed__wrapper\">\n<div class=\"nv-iframe-embed\"><iframe title=\"Europejski SuperPuchar Bez Barier - SKR\u00d3TY\" width=\"1200\" height=\"675\" src=\"https:\/\/www.youtube.com\/embed\/videoseries?list=PLgB39L0_5NwTYGZ-J1G39jzz7r2OPV942\" frameborder=\"0\" allow=\"accelerometer; autoplay; clipboard-write; encrypted-media; gyroscope; picture-in-picture; web-share\" referrerpolicy=\"strict-origin-when-cross-origin\" allowfullscreen><\/iframe><\/div>\n<\/div><\/figure>\n\n\n\n<p><a href=\"#1\">powr\u00f3t na g\u00f3r\u0119<\/a><\/p>\n","protected":false},"excerpt":{"rendered":"<p>no barriers european supercup No Barriers European SuperCup 2024 W dniach 25-29 wrze\u015bnia 2024 powiat o\u0142awski sta\u0142 si\u0119 aren\u0105 mi\u0119dzynarodowej rywalizacji w ramach No Barriers European SuperCup. To wyj\u0105tkowe wydarzenie sportowe odby\u0142o si\u0119 na boiskach w O\u0142awie, Jelczu-Laskowicach oraz Bystrzycy, przyci\u0105gaj\u0105c najlepsze dru\u017cyny z ca\u0142ej Europy. Mi\u0119dzynarodowe dru\u017cyny, wielkie emocje Do rywalizacji stan\u0119\u0142o osiem zespo\u0142\u00f3w,&hellip;&nbsp;<a href=\"https:\/\/futbolbezbarier.pl\/index.php\/nbcl\/historia-nbes\/\" rel=\"bookmark\">Dowiedz si\u0119 wi\u0119cej &raquo;<span class=\"screen-reader-text\">HISTORIA ROZGRYWEK<\/span><\/a><\/p>\n","protected":false},"author":3,"featured_media":0,"parent":165,"menu_order":0,"comment_status":"closed","ping_status":"closed","template":"elementor_theme","meta":{"_monsterinsights_skip_tracking":false,"_monsterinsights_sitenote_active":false,"_monsterinsights_sitenote_note":"","_monsterinsights_sitenote_category":0,"neve_meta_sidebar":"","neve_meta_container":"","neve_meta_enable_content_width":"","neve_meta_content_width":0,"neve_meta_title_alignment":"","neve_meta_author_avatar":"","neve_post_elements_order":"","neve_meta_disable_header":"","neve_meta_disable_footer":"","neve_meta_disable_title":"","_themeisle_gutenberg_block_has_review":false,"footnotes":""},"class_list":["post-371","page","type-page","status-publish","hentry"],"yoast_head":"<!-- This site is optimized with the Yoast SEO plugin v27.5 - https:\/\/yoast.com\/product\/yoast-seo-wordpress\/ -->\n<title>HISTORIA ROZGRYWEK - Futbol Bez Barier<\/title>\n<meta name=\"robots\" content=\"index, follow, max-snippet:-1, max-image-preview:large, max-video-preview:-1\" \/>\n<link rel=\"canonical\" href=\"https:\/\/futbolbezbarier.pl\/index.php\/nbcl\/historia-nbes\/\" \/>\n<meta property=\"og:locale\" content=\"pl_PL\" \/>\n<meta property=\"og:type\" content=\"article\" \/>\n<meta property=\"og:title\" content=\"HISTORIA ROZGRYWEK - Futbol Bez Barier\" \/>\n<meta property=\"og:description\" content=\"no barriers european supercup No Barriers European SuperCup 2024 W dniach 25-29 wrze\u015bnia 2024 powiat o\u0142awski sta\u0142 si\u0119 aren\u0105 mi\u0119dzynarodowej rywalizacji w ramach No Barriers European SuperCup. To wyj\u0105tkowe wydarzenie sportowe odby\u0142o si\u0119 na boiskach w O\u0142awie, Jelczu-Laskowicach oraz Bystrzycy, przyci\u0105gaj\u0105c najlepsze dru\u017cyny z ca\u0142ej Europy. Mi\u0119dzynarodowe dru\u017cyny, wielkie emocje Do rywalizacji stan\u0119\u0142o osiem zespo\u0142\u00f3w,&hellip;&nbsp;Dowiedz si\u0119 wi\u0119cej &raquo;HISTORIA ROZGRYWEK\" \/>\n<meta property=\"og:url\" content=\"https:\/\/futbolbezbarier.pl\/index.php\/nbcl\/historia-nbes\/\" \/>\n<meta property=\"og:site_name\" content=\"Futbol Bez Barier\" \/>\n<meta property=\"article:publisher\" content=\"https:\/\/www.facebook.com\/FutbollBezBarier\/\" \/>\n<meta property=\"article:modified_time\" content=\"2025-01-29T21:24:55+00:00\" \/>\n<meta property=\"og:image\" content=\"https:\/\/futbolbezbarier.pl\/wp-content\/uploads\/2025\/01\/NBESCday1-073-2-edited-scaled.jpg\" \/>\n\t<meta property=\"og:image:width\" content=\"2560\" \/>\n\t<meta property=\"og:image:height\" content=\"1440\" \/>\n\t<meta property=\"og:image:type\" content=\"image\/jpeg\" \/>\n<meta name=\"twitter:card\" content=\"summary_large_image\" \/>\n<meta name=\"twitter:label1\" content=\"Szacowany czas czytania\" \/>\n\t<meta name=\"twitter:data1\" content=\"10 minut\" \/>\n<script type=\"application\/ld+json\" class=\"yoast-schema-graph\">{\"@context\":\"https:\\\/\\\/schema.org\",\"@graph\":[{\"@type\":\"WebPage\",\"@id\":\"https:\\\/\\\/futbolbezbarier.pl\\\/index.php\\\/nbcl\\\/historia-nbes\\\/\",\"url\":\"https:\\\/\\\/futbolbezbarier.pl\\\/index.php\\\/nbcl\\\/historia-nbes\\\/\",\"name\":\"HISTORIA ROZGRYWEK - Futbol Bez Barier\",\"isPartOf\":{\"@id\":\"https:\\\/\\\/futbolbezbarier.pl\\\/#website\"},\"primaryImageOfPage\":{\"@id\":\"https:\\\/\\\/futbolbezbarier.pl\\\/index.php\\\/nbcl\\\/historia-nbes\\\/#primaryimage\"},\"image\":{\"@id\":\"https:\\\/\\\/futbolbezbarier.pl\\\/index.php\\\/nbcl\\\/historia-nbes\\\/#primaryimage\"},\"thumbnailUrl\":\"https:\\\/\\\/futbolbezbarier.pl\\\/wp-content\\\/uploads\\\/2025\\\/01\\\/NBESCday1-073-2-edited-scaled.jpg\",\"datePublished\":\"2024-12-17T17:09:02+00:00\",\"dateModified\":\"2025-01-29T21:24:55+00:00\",\"breadcrumb\":{\"@id\":\"https:\\\/\\\/futbolbezbarier.pl\\\/index.php\\\/nbcl\\\/historia-nbes\\\/#breadcrumb\"},\"inLanguage\":\"pl-PL\",\"potentialAction\":[{\"@type\":\"ReadAction\",\"target\":[\"https:\\\/\\\/futbolbezbarier.pl\\\/index.php\\\/nbcl\\\/historia-nbes\\\/\"]}]},{\"@type\":\"ImageObject\",\"inLanguage\":\"pl-PL\",\"@id\":\"https:\\\/\\\/futbolbezbarier.pl\\\/index.php\\\/nbcl\\\/historia-nbes\\\/#primaryimage\",\"url\":\"https:\\\/\\\/futbolbezbarier.pl\\\/wp-content\\\/uploads\\\/2025\\\/01\\\/NBESCday1-073-2-edited-scaled.jpg\",\"contentUrl\":\"https:\\\/\\\/futbolbezbarier.pl\\\/wp-content\\\/uploads\\\/2025\\\/01\\\/NBESCday1-073-2-edited-scaled.jpg\",\"width\":2560,\"height\":1440},{\"@type\":\"BreadcrumbList\",\"@id\":\"https:\\\/\\\/futbolbezbarier.pl\\\/index.php\\\/nbcl\\\/historia-nbes\\\/#breadcrumb\",\"itemListElement\":[{\"@type\":\"ListItem\",\"position\":1,\"name\":\"Home\",\"item\":\"https:\\\/\\\/futbolbezbarier.pl\\\/\"},{\"@type\":\"ListItem\",\"position\":2,\"name\":\"NBCL\",\"item\":\"https:\\\/\\\/futbolbezbarier.pl\\\/index.php\\\/nbcl\\\/\"},{\"@type\":\"ListItem\",\"position\":3,\"name\":\"HISTORIA ROZGRYWEK\"}]},{\"@type\":\"WebSite\",\"@id\":\"https:\\\/\\\/futbolbezbarier.pl\\\/#website\",\"url\":\"https:\\\/\\\/futbolbezbarier.pl\\\/\",\"name\":\"Futbol Bez Barier\",\"description\":\"Pi\u0142ka no\u017cna dla os\u00f3b z niepe\u0142nosprawno\u015bciami\",\"publisher\":{\"@id\":\"https:\\\/\\\/futbolbezbarier.pl\\\/#organization\"},\"potentialAction\":[{\"@type\":\"SearchAction\",\"target\":{\"@type\":\"EntryPoint\",\"urlTemplate\":\"https:\\\/\\\/futbolbezbarier.pl\\\/?s={search_term_string}\"},\"query-input\":{\"@type\":\"PropertyValueSpecification\",\"valueRequired\":true,\"valueName\":\"search_term_string\"}}],\"inLanguage\":\"pl-PL\"},{\"@type\":\"Organization\",\"@id\":\"https:\\\/\\\/futbolbezbarier.pl\\\/#organization\",\"name\":\"Futbol Bez Barier\",\"url\":\"https:\\\/\\\/futbolbezbarier.pl\\\/\",\"logo\":{\"@type\":\"ImageObject\",\"inLanguage\":\"pl-PL\",\"@id\":\"https:\\\/\\\/futbolbezbarier.pl\\\/#\\\/schema\\\/logo\\\/image\\\/\",\"url\":\"https:\\\/\\\/futbolbezbarier.pl\\\/wp-content\\\/uploads\\\/2025\\\/02\\\/Projekt-bez-nazwy-20.png\",\"contentUrl\":\"https:\\\/\\\/futbolbezbarier.pl\\\/wp-content\\\/uploads\\\/2025\\\/02\\\/Projekt-bez-nazwy-20.png\",\"width\":940,\"height\":788,\"caption\":\"Futbol Bez Barier\"},\"image\":{\"@id\":\"https:\\\/\\\/futbolbezbarier.pl\\\/#\\\/schema\\\/logo\\\/image\\\/\"},\"sameAs\":[\"https:\\\/\\\/www.facebook.com\\\/FutbollBezBarier\\\/\",\"https:\\\/\\\/www.youtube.com\\\/channel\\\/UCTKZn9TuPuanTWiCGnTRGGw\"]}]}<\/script>\n<!-- \/ Yoast SEO plugin. -->","yoast_head_json":{"title":"HISTORIA ROZGRYWEK - Futbol Bez Barier","robots":{"index":"index","follow":"follow","max-snippet":"max-snippet:-1","max-image-preview":"max-image-preview:large","max-video-preview":"max-video-preview:-1"},"canonical":"https:\/\/futbolbezbarier.pl\/index.php\/nbcl\/historia-nbes\/","og_locale":"pl_PL","og_type":"article","og_title":"HISTORIA ROZGRYWEK - Futbol Bez Barier","og_description":"no barriers european supercup No Barriers European SuperCup 2024 W dniach 25-29 wrze\u015bnia 2024 powiat o\u0142awski sta\u0142 si\u0119 aren\u0105 mi\u0119dzynarodowej rywalizacji w ramach No Barriers European SuperCup. To wyj\u0105tkowe wydarzenie sportowe odby\u0142o si\u0119 na boiskach w O\u0142awie, Jelczu-Laskowicach oraz Bystrzycy, przyci\u0105gaj\u0105c najlepsze dru\u017cyny z ca\u0142ej Europy. Mi\u0119dzynarodowe dru\u017cyny, wielkie emocje Do rywalizacji stan\u0119\u0142o osiem zespo\u0142\u00f3w,&hellip;&nbsp;Dowiedz si\u0119 wi\u0119cej &raquo;HISTORIA ROZGRYWEK","og_url":"https:\/\/futbolbezbarier.pl\/index.php\/nbcl\/historia-nbes\/","og_site_name":"Futbol Bez Barier","article_publisher":"https:\/\/www.facebook.com\/FutbollBezBarier\/","article_modified_time":"2025-01-29T21:24:55+00:00","og_image":[{"width":2560,"height":1440,"url":"https:\/\/futbolbezbarier.pl\/wp-content\/uploads\/2025\/01\/NBESCday1-073-2-edited-scaled.jpg","type":"image\/jpeg"}],"twitter_card":"summary_large_image","twitter_misc":{"Szacowany czas czytania":"10 minut"},"schema":{"@context":"https:\/\/schema.org","@graph":[{"@type":"WebPage","@id":"https:\/\/futbolbezbarier.pl\/index.php\/nbcl\/historia-nbes\/","url":"https:\/\/futbolbezbarier.pl\/index.php\/nbcl\/historia-nbes\/","name":"HISTORIA ROZGRYWEK - Futbol Bez Barier","isPartOf":{"@id":"https:\/\/futbolbezbarier.pl\/#website"},"primaryImageOfPage":{"@id":"https:\/\/futbolbezbarier.pl\/index.php\/nbcl\/historia-nbes\/#primaryimage"},"image":{"@id":"https:\/\/futbolbezbarier.pl\/index.php\/nbcl\/historia-nbes\/#primaryimage"},"thumbnailUrl":"https:\/\/futbolbezbarier.pl\/wp-content\/uploads\/2025\/01\/NBESCday1-073-2-edited-scaled.jpg","datePublished":"2024-12-17T17:09:02+00:00","dateModified":"2025-01-29T21:24:55+00:00","breadcrumb":{"@id":"https:\/\/futbolbezbarier.pl\/index.php\/nbcl\/historia-nbes\/#breadcrumb"},"inLanguage":"pl-PL","potentialAction":[{"@type":"ReadAction","target":["https:\/\/futbolbezbarier.pl\/index.php\/nbcl\/historia-nbes\/"]}]},{"@type":"ImageObject","inLanguage":"pl-PL","@id":"https:\/\/futbolbezbarier.pl\/index.php\/nbcl\/historia-nbes\/#primaryimage","url":"https:\/\/futbolbezbarier.pl\/wp-content\/uploads\/2025\/01\/NBESCday1-073-2-edited-scaled.jpg","contentUrl":"https:\/\/futbolbezbarier.pl\/wp-content\/uploads\/2025\/01\/NBESCday1-073-2-edited-scaled.jpg","width":2560,"height":1440},{"@type":"BreadcrumbList","@id":"https:\/\/futbolbezbarier.pl\/index.php\/nbcl\/historia-nbes\/#breadcrumb","itemListElement":[{"@type":"ListItem","position":1,"name":"Home","item":"https:\/\/futbolbezbarier.pl\/"},{"@type":"ListItem","position":2,"name":"NBCL","item":"https:\/\/futbolbezbarier.pl\/index.php\/nbcl\/"},{"@type":"ListItem","position":3,"name":"HISTORIA ROZGRYWEK"}]},{"@type":"WebSite","@id":"https:\/\/futbolbezbarier.pl\/#website","url":"https:\/\/futbolbezbarier.pl\/","name":"Futbol Bez Barier","description":"Pi\u0142ka no\u017cna dla os\u00f3b z niepe\u0142nosprawno\u015bciami","publisher":{"@id":"https:\/\/futbolbezbarier.pl\/#organization"},"potentialAction":[{"@type":"SearchAction","target":{"@type":"EntryPoint","urlTemplate":"https:\/\/futbolbezbarier.pl\/?s={search_term_string}"},"query-input":{"@type":"PropertyValueSpecification","valueRequired":true,"valueName":"search_term_string"}}],"inLanguage":"pl-PL"},{"@type":"Organization","@id":"https:\/\/futbolbezbarier.pl\/#organization","name":"Futbol Bez Barier","url":"https:\/\/futbolbezbarier.pl\/","logo":{"@type":"ImageObject","inLanguage":"pl-PL","@id":"https:\/\/futbolbezbarier.pl\/#\/schema\/logo\/image\/","url":"https:\/\/futbolbezbarier.pl\/wp-content\/uploads\/2025\/02\/Projekt-bez-nazwy-20.png","contentUrl":"https:\/\/futbolbezbarier.pl\/wp-content\/uploads\/2025\/02\/Projekt-bez-nazwy-20.png","width":940,"height":788,"caption":"Futbol Bez Barier"},"image":{"@id":"https:\/\/futbolbezbarier.pl\/#\/schema\/logo\/image\/"},"sameAs":["https:\/\/www.facebook.com\/FutbollBezBarier\/","https:\/\/www.youtube.com\/channel\/UCTKZn9TuPuanTWiCGnTRGGw"]}]}},"_links":{"self":[{"href":"https:\/\/futbolbezbarier.pl\/index.php\/wp-json\/wp\/v2\/pages\/371","targetHints":{"allow":["GET"]}}],"collection":[{"href":"https:\/\/futbolbezbarier.pl\/index.php\/wp-json\/wp\/v2\/pages"}],"about":[{"href":"https:\/\/futbolbezbarier.pl\/index.php\/wp-json\/wp\/v2\/types\/page"}],"author":[{"embeddable":true,"href":"https:\/\/futbolbezbarier.pl\/index.php\/wp-json\/wp\/v2\/users\/3"}],"replies":[{"embeddable":true,"href":"https:\/\/futbolbezbarier.pl\/index.php\/wp-json\/wp\/v2\/comments?post=371"}],"version-history":[{"count":13,"href":"https:\/\/futbolbezbarier.pl\/index.php\/wp-json\/wp\/v2\/pages\/371\/revisions"}],"predecessor-version":[{"id":1443,"href":"https:\/\/futbolbezbarier.pl\/index.php\/wp-json\/wp\/v2\/pages\/371\/revisions\/1443"}],"up":[{"embeddable":true,"href":"https:\/\/futbolbezbarier.pl\/index.php\/wp-json\/wp\/v2\/pages\/165"}],"wp:attachment":[{"href":"https:\/\/futbolbezbarier.pl\/index.php\/wp-json\/wp\/v2\/media?parent=371"}],"curies":[{"name":"wp","href":"https:\/\/api.w.org\/{rel}","templated":true}]}}